 {"id":47768,"date":"2026-03-27T14:11:04","date_gmt":"2026-03-27T13:11:04","guid":{"rendered":"https:\/\/www.eventconecta.com\/?page_id=47768"},"modified":"2026-04-07T00:13:39","modified_gmt":"2026-04-06T22:13:39","slug":"editorial-committe-drama-series","status":"publish","type":"page","link":"https:\/\/www.eventconecta.com\/en\/editorial-committe-drama-series\/","title":{"rendered":"Editorial Committe Drama Series"},"content":{"rendered":"<p>[et_pb_section fb_built=&#8221;1&#8243; fullwidth=&#8221;on&#8221; custom_padding_last_edited=&#8221;on|desktop&#8221; admin_label=&#8221;Secci\u00f3n&#8221; module_class=&#8221;cyp_cf3_header&#8221; _builder_version=&#8221;3.22&#8243; custom_padding_tablet=&#8221;50px|0|50px|0&#8243; custom_padding_phone=&#8221;50px|0|50px|0&#8243; transparent_background=&#8221;off&#8221; padding_mobile=&#8221;off&#8221; make_fullwidth=&#8221;off&#8221; use_custom_width=&#8221;off&#8221; width_unit=&#8221;on&#8221; custom_width_px=&#8221;1080px&#8221; custom_width_percent=&#8221;80%&#8221; global_colors_info=&#8221;{}&#8221;][et_pb_fullwidth_header content_max_width=&#8221;none&#8221; admin_label=&#8221;T\u00edtulo de anchura completa&#8221; _builder_version=&#8221;4.14.7&#8243; background_color=&#8221;rgba(255, 255, 255, 0)&#8221; background_image=&#8221;https:\/\/www.eventconecta.com\/wp-content\/uploads\/2023\/07\/JAI7122-scaled.jpg&#8221; background_layout=&#8221;light&#8221; background_url=&#8221;https:\/\/www.eventconecta.com\/wp-content\/uploads\/2019\/10\/BAJA-_MG_3188_NETWORKING.jpg&#8221; button_one_letter_spacing_hover=&#8221;0&#8243; button_two_letter_spacing_hover=&#8221;0&#8243; global_colors_info=&#8221;{}&#8221; button_one_text_size__hover_enabled=&#8221;off&#8221; button_two_text_size__hover_enabled=&#8221;off&#8221; button_one_text_color__hover_enabled=&#8221;off&#8221; button_two_text_color__hover_enabled=&#8221;off&#8221; button_one_border_width__hover_enabled=&#8221;off&#8221; button_two_border_width__hover_enabled=&#8221;off&#8221; button_one_border_color__hover_enabled=&#8221;off&#8221; button_two_border_color__hover_enabled=&#8221;off&#8221; button_one_border_radius__hover_enabled=&#8221;off&#8221; button_two_border_radius__hover_enabled=&#8221;off&#8221; button_one_letter_spacing__hover_enabled=&#8221;on&#8221; button_one_letter_spacing__hover=&#8221;0&#8243; button_two_letter_spacing__hover_enabled=&#8221;on&#8221; button_two_letter_spacing__hover=&#8221;0&#8243; button_one_bg_color__hover_enabled=&#8221;off&#8221; button_two_bg_color__hover_enabled=&#8221;off&#8221;]<\/p>\n<h1><span style=\"color: black;\">\u00b7}<\/span> EDITORIAL COMMITTEE DRAMA SERIES <span style=\"color: black;\">{\u00b7<\/span><\/h1>\n<p>[\/et_pb_fullwidth_header][\/et_pb_section][et_pb_section fb_built=&#8221;1&#8243; custom_padding_last_edited=&#8221;on|desktop&#8221; admin_label=&#8221;Secci\u00f3n&#8221; module_class=&#8221;cyp_cf3_sobre&#8221; _builder_version=&#8221;3.22&#8243; custom_padding_tablet=&#8221;50px|0|50px|0&#8243; custom_padding_phone=&#8221;50px|0|50px|0&#8243; custom_css_main_element=&#8221;min-height:0px !important;&#8221; transparent_background=&#8221;off&#8221; padding_mobile=&#8221;off&#8221; make_fullwidth=&#8221;off&#8221; use_custom_width=&#8221;off&#8221; width_unit=&#8221;on&#8221; custom_width_px=&#8221;1080px&#8221; custom_width_percent=&#8221;80%&#8221; global_colors_info=&#8221;{}&#8221;][et_pb_row padding_mobile=&#8221;off&#8221; column_padding_mobile=&#8221;on&#8221; admin_label=&#8221;Fila&#8221; _builder_version=&#8221;3.25&#8243; background_size=&#8221;initial&#8221; background_position=&#8221;top_left&#8221; background_repeat=&#8221;repeat&#8221; make_fullwidth=&#8221;off&#8221; use_custom_width=&#8221;off&#8221; width_unit=&#8221;off&#8221; custom_width_px=&#8221;1080px&#8221; custom_width_percent=&#8221;80%&#8221; global_colors_info=&#8221;{}&#8221;][et_pb_column type=&#8221;4_4&#8243; _builder_version=&#8221;3.25&#8243; custom_padding=&#8221;|||&#8221; global_colors_info=&#8221;{}&#8221; custom_padding__hover=&#8221;|||&#8221;][et_pb_text disabled_on=&#8221;off|off|off&#8221; admin_label=&#8221;Texto&#8221; module_class=&#8221;cyp_cf3_comite_texto&#8221; _builder_version=&#8221;4.14.7&#8243; background_size=&#8221;initial&#8221; background_position=&#8221;top_left&#8221; background_repeat=&#8221;repeat&#8221; use_border_color=&#8221;off&#8221; border_color=&#8221;#ffffff&#8221; border_style=&#8221;solid&#8221; global_colors_info=&#8221;{}&#8221;]<\/p>\n<p>The <strong>Pitch Drama Series Editorial Committee<\/strong> in Conecta Magaluf-Mallorca comprises seasoned professionals and senior executives from the audiovisual industry in both Europe and America. They meticulously assess the international series submissions received in our <strong><a href=\"https:\/\/www.eventconecta.com\/en\/submit-an-international-project\/\">call for projects<\/a><\/strong>. From the pool of entries, they will carefully curate a <strong>selection of 5 projects<\/strong>, which are then showcased during the pitch session at the event in May.<\/p>\n<p>The members of the Editorial Committee for Pitch Drama Series in the 2026 edition of Conecta Magaluf-Mallorca are:<\/p>\n<p>[\/et_pb_text][et_pb_text disabled_on=&#8221;on|on|on&#8221; admin_label=&#8221;Texto&#8221; module_class=&#8221;cyp_cf3_comite_texto&#8221; _builder_version=&#8221;4.14.7&#8243; background_size=&#8221;initial&#8221; background_position=&#8221;top_left&#8221; background_repeat=&#8221;repeat&#8221; use_border_color=&#8221;off&#8221; border_color=&#8221;#ffffff&#8221; border_style=&#8221;solid&#8221; disabled=&#8221;on&#8221; global_colors_info=&#8221;{}&#8221;]<\/p>\n<p>Each year, the <strong>Pitch Copro Series Editorial Committee<\/strong> in Conecta FICTION &amp; ENTERTAINMENT comprises seasoned professionals and senior executives from the audiovisual industry in both Europe and America. Throughout each edition, they meticulously assess the international co-production series submissions received in response to the <strong><a href=\"https:\/\/www.eventconecta.com\/en\/submit-an-international-project\/\">call for projects<\/a><\/strong>. From the pool of entries, they carefully curate a <strong>selection of 10 projects<\/strong>, which are then showcased during the pitch session at the event.<\/p>\n<p>The members of the Editorial Committee for Pitch COPRO Series in the 2025 edition of Conecta FICTION &amp; ENTERTAINMENT will be announced soon.<\/p>\n<p>[\/et_pb_text][\/et_pb_column][\/et_pb_row][\/et_pb_section][et_pb_section fb_built=&#8221;1&#8243; custom_padding_last_edited=&#8221;on|desktop&#8221; disabled_on=&#8221;off|off|off&#8221; admin_label=&#8221;C10&#8243; module_class=&#8221;cyp_cf3_sobre&#8221; _builder_version=&#8221;4.14.7&#8243; custom_padding_tablet=&#8221;50px|0|50px|0&#8243; custom_padding_phone=&#8221;50px|0|50px|0&#8243; transparent_background=&#8221;off&#8221; padding_mobile=&#8221;off&#8221; make_fullwidth=&#8221;off&#8221; use_custom_width=&#8221;off&#8221; width_unit=&#8221;on&#8221; custom_width_px=&#8221;1080px&#8221; custom_width_percent=&#8221;80%&#8221; locked=&#8221;off&#8221; collapsed=&#8221;off&#8221; global_colors_info=&#8221;{}&#8221;][et_pb_row column_structure=&#8221;1_4,3_4&#8243; padding_mobile=&#8221;off&#8221; column_padding_mobile=&#8221;on&#8221; disabled_on=&#8221;off|off|off&#8221; admin_label=&#8221;Fila&#8221; module_class=&#8221;cyp_cf3_comite_perfil&#8221; _builder_version=&#8221;3.25&#8243; background_size=&#8221;initial&#8221; background_position=&#8221;top_left&#8221; background_repeat=&#8221;repeat&#8221; make_fullwidth=&#8221;off&#8221; use_custom_width=&#8221;off&#8221; width_unit=&#8221;on&#8221; custom_width_px=&#8221;1080px&#8221; custom_width_percent=&#8221;80%&#8221; global_colors_info=&#8221;{}&#8221;][et_pb_column type=&#8221;1_4&#8243; _builder_version=&#8221;3.25&#8243; custom_padding=&#8221;|||&#8221; global_colors_info=&#8221;{}&#8221; custom_padding__hover=&#8221;|||&#8221;][et_pb_image src=&#8221;https:\/\/www.eventconecta.com\/wp-content\/uploads\/2025\/04\/Marco-Headshot-2025-2-scaled.jpeg&#8221; title_text=&#8221;Marco &#8211; Headshot 2025 2&#8243; align=&#8221;center&#8221; align_tablet=&#8221;center&#8221; align_phone=&#8221;center&#8221; align_last_edited=&#8221;on|desktop&#8221; disabled_on=&#8221;off|off|off&#8221; admin_label=&#8221;Imagen&#8221; _builder_version=&#8221;4.14.7&#8243; use_border_color=&#8221;off&#8221; border_color=&#8221;#ffffff&#8221; border_width=&#8221;1px&#8221; border_style=&#8221;solid&#8221; animation=&#8221;off&#8221; sticky=&#8221;off&#8221; always_center_on_mobile=&#8221;on&#8221; global_colors_info=&#8221;{}&#8221;]&nbsp;[\/et_pb_image][\/et_pb_column][et_pb_column type=&#8221;3_4&#8243; _builder_version=&#8221;3.25&#8243; custom_padding=&#8221;|||&#8221; global_colors_info=&#8221;{}&#8221; custom_padding__hover=&#8221;|||&#8221;][et_pb_text disabled_on=&#8221;off|off|off&#8221; admin_label=&#8221;MARCO ARABIT&#8221; _builder_version=&#8221;4.14.7&#8243; background_size=&#8221;initial&#8221; background_position=&#8221;top_left&#8221; background_repeat=&#8221;repeat&#8221; use_border_color=&#8221;off&#8221; border_color=&#8221;#ffffff&#8221; border_style=&#8221;solid&#8221; global_colors_info=&#8221;{}&#8221;]<\/p>\n<h2>MARCO ARABIT<\/h2>\n<h3>SVP &amp; Co-Head of International Distribution<\/h3>\n<h4>New Regency Productions (United Kingdom)<\/h4>\n<p>Marco is a highly accomplished senior executive with a proven track record in international content distribution, driving significant revenue growth across various international media &amp; production organisations. Currently serving as SVP &amp; Co-Head of International Distribution at New Regency, he spearheads global content strategies through Sales, Acquisitions and Coproduction opportunities.\u00a0 His expertise spans strategic planning, financial modelling and implementation of diverse revenue generating models across multiple regions. He has successfully navigated complex markets and fostered strong client relationships through his 17+ years in the business.\u00a0Before New Regency he gained valuable experience in content curation, monetisation and cross-vertical third-party alliances at Legendary Entertainment and Paramount (formerly Viacom). He has a deep understanding of the global media landscape, combined with a strong business acumen.<\/p>\n<p>[\/et_pb_text][\/et_pb_column][\/et_pb_row][et_pb_row padding_mobile=&#8221;off&#8221; column_padding_mobile=&#8221;on&#8221; admin_label=&#8221;Fila&#8221; _builder_version=&#8221;3.25&#8243; background_size=&#8221;initial&#8221; background_position=&#8221;top_left&#8221; background_repeat=&#8221;repeat&#8221; make_fullwidth=&#8221;off&#8221; use_custom_width=&#8221;off&#8221; width_unit=&#8221;off&#8221; custom_width_px=&#8221;1080px&#8221; custom_width_percent=&#8221;80%&#8221; locked=&#8221;off&#8221; global_colors_info=&#8221;{}&#8221;][et_pb_column type=&#8221;4_4&#8243; _builder_version=&#8221;3.25&#8243; custom_padding=&#8221;|||&#8221; global_colors_info=&#8221;{}&#8221; custom_padding__hover=&#8221;|||&#8221;][et_pb_code disabled_on=&#8221;off|off|off&#8221; admin_label=&#8221;C\u00f3digo&#8221; global_colors_info=&#8221;{}&#8221;]<div class='cyp_separador' style='border:none !important'>\u00b7} {\u00b7 \u00b7} {\u00b7 \u00b7} {\u00b7 \u00b7} {\u00b7 \u00b7} {\u00b7 \u00b7} {\u00b7 \u00b7} {\u00b7 \u00b7} {\u00b7 \u00b7} {\u00b7 \u00b7} {\u00b7 \u00b7} {\u00b7 \u00b7} {\u00b7 \u00b7} {\u00b7 \u00b7} {\u00b7 \u00b7} {\u00b7 \u00b7} {\u00b7 \u00b7} {\u00b7 \u00b7} {\u00b7 \u00b7} {\u00b7 \u00b7} {\u00b7 \u00b7} {\u00b7 \u00b7} {\u00b7 \u00b7} {\u00b7 \u00b7} {\u00b7 \u00b7} {\u00b7 \u00b7} {\u00b7 \u00b7} {\u00b7 \u00b7} {\u00b7 \u00b7} {\u00b7 \u00b7} {\u00b7 \u00b7} {\u00b7 \u00b7} {\u00b7 \u00b7} {\u00b7 \u00b7} {\u00b7 \u00b7} {\u00b7 \u00b7} {\u00b7 \u00b7} {\u00b7 \u00b7} {\u00b7 \u00b7} {\u00b7 \u00b7} {\u00b7 \u00b7} {\u00b7 \u00b7} {\u00b7 \u00b7} {\u00b7 \u00b7} {\u00b7 \u00b7} {\u00b7 \u00b7} {\u00b7 \u00b7} {\u00b7 \u00b7} {\u00b7 \u00b7} {\u00b7 \u00b7} {\u00b7 <\/div>[\/et_pb_code][\/et_pb_column][\/et_pb_row][et_pb_row column_structure=&#8221;1_4,3_4&#8243; padding_mobile=&#8221;off&#8221; column_padding_mobile=&#8221;on&#8221; disabled_on=&#8221;off|off|off&#8221; admin_label=&#8221;Fila&#8221; module_class=&#8221;cyp_cf3_comite_perfil&#8221; _builder_version=&#8221;3.25&#8243; background_size=&#8221;initial&#8221; background_position=&#8221;top_left&#8221; background_repeat=&#8221;repeat&#8221; make_fullwidth=&#8221;off&#8221; use_custom_width=&#8221;off&#8221; width_unit=&#8221;on&#8221; custom_width_px=&#8221;1080px&#8221; custom_width_percent=&#8221;80%&#8221; locked=&#8221;off&#8221; global_colors_info=&#8221;{}&#8221;][et_pb_column type=&#8221;1_4&#8243; _builder_version=&#8221;3.25&#8243; custom_padding=&#8221;|||&#8221; global_colors_info=&#8221;{}&#8221; custom_padding__hover=&#8221;|||&#8221;][et_pb_image src=&#8221;https:\/\/www.eventconecta.com\/wp-content\/uploads\/2024\/03\/DiegoDelPozo-FOTO-bn.jpg&#8221; title_text=&#8221;DiegoDelPozo FOTO bn&#8221; align=&#8221;center&#8221; align_tablet=&#8221;center&#8221; align_phone=&#8221;center&#8221; align_last_edited=&#8221;on|desktop&#8221; admin_label=&#8221;Imagen&#8221; _builder_version=&#8221;4.14.7&#8243; use_border_color=&#8221;off&#8221; border_color=&#8221;#ffffff&#8221; border_width=&#8221;1px&#8221; border_style=&#8221;solid&#8221; animation=&#8221;off&#8221; sticky=&#8221;off&#8221; always_center_on_mobile=&#8221;on&#8221; global_colors_info=&#8221;{}&#8221;][\/et_pb_image][\/et_pb_column][et_pb_column type=&#8221;3_4&#8243; _builder_version=&#8221;3.25&#8243; custom_padding=&#8221;|||&#8221; global_colors_info=&#8221;{}&#8221; custom_padding__hover=&#8221;|||&#8221;][et_pb_text admin_label=&#8221;DIEGO DEL POZO&#8221; _builder_version=&#8221;4.14.7&#8243; background_size=&#8221;initial&#8221; background_position=&#8221;top_left&#8221; background_repeat=&#8221;repeat&#8221; use_border_color=&#8221;off&#8221; border_color=&#8221;#ffffff&#8221; border_style=&#8221;solid&#8221; global_colors_info=&#8221;{}&#8221;]<\/p>\n<h2>DIEGO DEL POZO<\/h2>\n<h3><span data-olk-copy-source=\"MessageBody\">FICTION MANAGER<\/span><\/h3>\n<h4>ATRESMEDIA TELEVISION (SPAIN)<\/h4>\n<p><span data-olk-copy-source=\"MessageBody\">Degree in Business Administration and Management (UC3M, 2011), Master\u2019s Degree in Direction of the Audiovisual Company (UC3M, 2011) and Master\u2019s Degree in Management of the Audiovisual Company (EAE, 2015). Since 2011 he has been working at Atresmedia Televisi\u00f3n, where he currently holds the position of Fiction Manager, overseeing the search, launch and development of the original fictions of Series Atresmedia, mainly for atresplayer, the group\u2019s SVOD platform. In addition, he has also developed a teaching work being a professor of several master\u2019s degrees and programs in different universities and audiovisual business schools.<\/span><\/p>\n<p>[\/et_pb_text][\/et_pb_column][\/et_pb_row][et_pb_row padding_mobile=&#8221;off&#8221; column_padding_mobile=&#8221;on&#8221; admin_label=&#8221;Fila&#8221; _builder_version=&#8221;3.25&#8243; background_size=&#8221;initial&#8221; background_position=&#8221;top_left&#8221; background_repeat=&#8221;repeat&#8221; make_fullwidth=&#8221;off&#8221; use_custom_width=&#8221;off&#8221; width_unit=&#8221;off&#8221; custom_width_px=&#8221;1080px&#8221; custom_width_percent=&#8221;80%&#8221; locked=&#8221;off&#8221; global_colors_info=&#8221;{}&#8221;][et_pb_column type=&#8221;4_4&#8243; _builder_version=&#8221;3.25&#8243; custom_padding=&#8221;|||&#8221; global_colors_info=&#8221;{}&#8221; custom_padding__hover=&#8221;|||&#8221;][et_pb_code disabled_on=&#8221;off|off|off&#8221; admin_label=&#8221;C\u00f3digo&#8221; global_colors_info=&#8221;{}&#8221;]<div class='cyp_separador' style='border:none !important'>\u00b7} {\u00b7 \u00b7} {\u00b7 \u00b7} {\u00b7 \u00b7} {\u00b7 \u00b7} {\u00b7 \u00b7} {\u00b7 \u00b7} {\u00b7 \u00b7} {\u00b7 \u00b7} {\u00b7 \u00b7} {\u00b7 \u00b7} {\u00b7 \u00b7} {\u00b7 \u00b7} {\u00b7 \u00b7} {\u00b7 \u00b7} {\u00b7 \u00b7} {\u00b7 \u00b7} {\u00b7 \u00b7} {\u00b7 \u00b7} {\u00b7 \u00b7} {\u00b7 \u00b7} {\u00b7 \u00b7} {\u00b7 \u00b7} {\u00b7 \u00b7} {\u00b7 \u00b7} {\u00b7 \u00b7} {\u00b7 \u00b7} {\u00b7 \u00b7} {\u00b7 \u00b7} {\u00b7 \u00b7} {\u00b7 \u00b7} {\u00b7 \u00b7} {\u00b7 \u00b7} {\u00b7 \u00b7} {\u00b7 \u00b7} {\u00b7 \u00b7} {\u00b7 \u00b7} {\u00b7 \u00b7} {\u00b7 \u00b7} {\u00b7 \u00b7} {\u00b7 \u00b7} {\u00b7 \u00b7} {\u00b7 \u00b7} {\u00b7 \u00b7} {\u00b7 \u00b7} {\u00b7 \u00b7} {\u00b7 \u00b7} {\u00b7 \u00b7} {\u00b7 \u00b7} {\u00b7 \u00b7} {\u00b7 <\/div>[\/et_pb_code][\/et_pb_column][\/et_pb_row][et_pb_row column_structure=&#8221;1_4,3_4&#8243; padding_mobile=&#8221;off&#8221; column_padding_mobile=&#8221;on&#8221; disabled_on=&#8221;off|off|off&#8221; admin_label=&#8221;Fila&#8221; module_class=&#8221;cyp_cf3_comite_perfil&#8221; _builder_version=&#8221;3.25&#8243; background_size=&#8221;initial&#8221; background_position=&#8221;top_left&#8221; background_repeat=&#8221;repeat&#8221; make_fullwidth=&#8221;off&#8221; use_custom_width=&#8221;off&#8221; width_unit=&#8221;on&#8221; custom_width_px=&#8221;1080px&#8221; custom_width_percent=&#8221;80%&#8221; locked=&#8221;off&#8221; global_colors_info=&#8221;{}&#8221;][et_pb_column type=&#8221;1_4&#8243; _builder_version=&#8221;3.25&#8243; custom_padding=&#8221;|||&#8221; global_colors_info=&#8221;{}&#8221; custom_padding__hover=&#8221;|||&#8221;][et_pb_image src=&#8221;https:\/\/www.eventconecta.com\/wp-content\/uploads\/2025\/04\/AnaCeliaUrquidi_BW.png&#8221; title_text=&#8221;AnaCeliaUrquidi_BW&#8221; align=&#8221;center&#8221; align_tablet=&#8221;center&#8221; align_phone=&#8221;center&#8221; align_last_edited=&#8221;on|desktop&#8221; admin_label=&#8221;Imagen&#8221; _builder_version=&#8221;4.14.7&#8243; use_border_color=&#8221;off&#8221; border_color=&#8221;#ffffff&#8221; border_width=&#8221;1px&#8221; border_style=&#8221;solid&#8221; animation=&#8221;off&#8221; sticky=&#8221;off&#8221; always_center_on_mobile=&#8221;on&#8221; global_colors_info=&#8221;{}&#8221;][\/et_pb_image][\/et_pb_column][et_pb_column type=&#8221;3_4&#8243; _builder_version=&#8221;3.25&#8243; custom_padding=&#8221;|||&#8221; global_colors_info=&#8221;{}&#8221; custom_padding__hover=&#8221;|||&#8221;][et_pb_text admin_label=&#8221;ANA CELIA URQUIDI&#8221; _builder_version=&#8221;4.14.7&#8243; background_size=&#8221;initial&#8221; background_position=&#8221;top_left&#8221; background_repeat=&#8221;repeat&#8221; use_border_color=&#8221;off&#8221; border_color=&#8221;#ffffff&#8221; border_style=&#8221;solid&#8221; global_colors_info=&#8221;{}&#8221;]<\/p>\n<h2>ANA CELIA URQUIDI<\/h2>\n<h3>CEO &amp; Fiction Director in Strategic Development<\/h3>\n<h4>ATENEA MEDIA (MEXICO)<\/h4>\n<p><span data-contrast=\"auto\">She began her career at Televisa in production and casting direction, participating in several soaps such as El abuelo y yo, La Paloma, among many others. In 1996 she joined the production company Argos, working on hits such as Mirada de Mujer, La vida en el espejo, and more, all for Tv Azteca. Her career as a producer extends to other television stations and platforms such as Telemundo, for whom she produced hits such as La Patrona and El Se\u00f1or de los Cielos, as well as Capadocia for HBO and Ingobernable for Netflix. In 2016 she joined TV Azteca as director of fiction development. In 2018 she joined Hemisphere to produce the series Erre for Viacom. In 2019 she founded Atenea Media, producing films such as Peligro en tu mirada and Dulce Obsesi\u00f3n. She has also participated on multiple occasions, as a panelist, moderator, special guest and jury of the International Emmy Awards for 6 consecutive years and Conecta FICTION &amp; ENTERTAINMENT. She is part of the board of MipCancun since 2016. She is currently executive producer of Lo que callamos la mujeres for TV Azteca and La serie Lalola for VIX.<\/span><span data-ccp-props=\"{}\">\u00a0<\/span><\/p>\n<p>[\/et_pb_text][\/et_pb_column][\/et_pb_row][et_pb_row padding_mobile=&#8221;off&#8221; column_padding_mobile=&#8221;on&#8221; admin_label=&#8221;Fila&#8221; _builder_version=&#8221;3.25&#8243; background_size=&#8221;initial&#8221; background_position=&#8221;top_left&#8221; background_repeat=&#8221;repeat&#8221; make_fullwidth=&#8221;off&#8221; use_custom_width=&#8221;off&#8221; width_unit=&#8221;off&#8221; custom_width_px=&#8221;1080px&#8221; custom_width_percent=&#8221;80%&#8221; locked=&#8221;off&#8221; global_colors_info=&#8221;{}&#8221;][et_pb_column type=&#8221;4_4&#8243; _builder_version=&#8221;3.25&#8243; custom_padding=&#8221;|||&#8221; global_colors_info=&#8221;{}&#8221; custom_padding__hover=&#8221;|||&#8221;][et_pb_code disabled_on=&#8221;off|off|off&#8221; admin_label=&#8221;C\u00f3digo&#8221; global_colors_info=&#8221;{}&#8221;]<div class='cyp_separador' style='border:none !important'>\u00b7} {\u00b7 \u00b7} {\u00b7 \u00b7} {\u00b7 \u00b7} {\u00b7 \u00b7} {\u00b7 \u00b7} {\u00b7 \u00b7} {\u00b7 \u00b7} {\u00b7 \u00b7} {\u00b7 \u00b7} {\u00b7 \u00b7} {\u00b7 \u00b7} {\u00b7 \u00b7} {\u00b7 \u00b7} {\u00b7 \u00b7} {\u00b7 \u00b7} {\u00b7 \u00b7} {\u00b7 \u00b7} {\u00b7 \u00b7} {\u00b7 \u00b7} {\u00b7 \u00b7} {\u00b7 \u00b7} {\u00b7 \u00b7} {\u00b7 \u00b7} {\u00b7 \u00b7} {\u00b7 \u00b7} {\u00b7 \u00b7} {\u00b7 \u00b7} {\u00b7 \u00b7} {\u00b7 \u00b7} {\u00b7 \u00b7} {\u00b7 \u00b7} {\u00b7 \u00b7} {\u00b7 \u00b7} {\u00b7 \u00b7} {\u00b7 \u00b7} {\u00b7 \u00b7} {\u00b7 \u00b7} {\u00b7 \u00b7} {\u00b7 \u00b7} {\u00b7 \u00b7} {\u00b7 \u00b7} {\u00b7 \u00b7} {\u00b7 \u00b7} {\u00b7 \u00b7} {\u00b7 \u00b7} {\u00b7 \u00b7} {\u00b7 \u00b7} {\u00b7 \u00b7} {\u00b7 \u00b7} {\u00b7 <\/div>[\/et_pb_code][\/et_pb_column][\/et_pb_row][et_pb_row column_structure=&#8221;1_4,3_4&#8243; padding_mobile=&#8221;off&#8221; column_padding_mobile=&#8221;on&#8221; disabled_on=&#8221;off|off|off&#8221; admin_label=&#8221;Fila&#8221; module_class=&#8221;cyp_cf3_comite_perfil&#8221; _builder_version=&#8221;3.25&#8243; background_size=&#8221;initial&#8221; background_position=&#8221;top_left&#8221; background_repeat=&#8221;repeat&#8221; make_fullwidth=&#8221;off&#8221; use_custom_width=&#8221;off&#8221; width_unit=&#8221;on&#8221; custom_width_px=&#8221;1080px&#8221; custom_width_percent=&#8221;80%&#8221; locked=&#8221;off&#8221; global_colors_info=&#8221;{}&#8221;][et_pb_column type=&#8221;1_4&#8243; _builder_version=&#8221;3.25&#8243; custom_padding=&#8221;|||&#8221; global_colors_info=&#8221;{}&#8221; custom_padding__hover=&#8221;|||&#8221;][et_pb_image src=&#8221;https:\/\/www.eventconecta.com\/wp-content\/uploads\/2022\/05\/PatriciaArpea-SW.jpg&#8221; title_text=&#8221;PatriciaArpea SW&#8221; align=&#8221;center&#8221; align_tablet=&#8221;center&#8221; align_phone=&#8221;center&#8221; align_last_edited=&#8221;on|desktop&#8221; admin_label=&#8221;Imagen&#8221; _builder_version=&#8221;4.14.7&#8243; use_border_color=&#8221;off&#8221; border_color=&#8221;#ffffff&#8221; border_width=&#8221;1px&#8221; border_style=&#8221;solid&#8221; animation=&#8221;off&#8221; sticky=&#8221;off&#8221; always_center_on_mobile=&#8221;on&#8221; global_colors_info=&#8221;{}&#8221;][\/et_pb_image][\/et_pb_column][et_pb_column type=&#8221;3_4&#8243; _builder_version=&#8221;3.25&#8243; custom_padding=&#8221;|||&#8221; global_colors_info=&#8221;{}&#8221; custom_padding__hover=&#8221;|||&#8221;][et_pb_text admin_label=&#8221;PATRICIA ARPEA&#8221; _builder_version=&#8221;4.14.7&#8243; background_size=&#8221;initial&#8221; background_position=&#8221;top_left&#8221; background_repeat=&#8221;repeat&#8221; use_border_color=&#8221;off&#8221; border_color=&#8221;#ffffff&#8221; border_style=&#8221;solid&#8221; global_colors_info=&#8221;{}&#8221;]<\/p>\n<h2>PATRICIA ARPEA<\/h2>\n<h3>Business and Legal Affairs<\/h3>\n<h4>IIF \u2013 Italian International Film (Italy)<\/h4>\n<p><span class=\"TextRun SCXW129018566 BCX2\" lang=\"EN-GB\" xml:lang=\"EN-GB\" data-contrast=\"auto\"><span class=\"NormalTextRun SCXW129018566 BCX2\">Patricia <\/span><span class=\"NormalTextRun SCXW129018566 BCX2\">Arpea<\/span><span class=\"NormalTextRun SCXW129018566 BCX2\"> serves as Head of Business and Legal Affairs at IIF \u2013 Italian International Film, a leading film and television production company, a role she has held since March 2026. She brings over three decades of senior-level experience in the audiovisual industry, with extensive <\/span><span class=\"NormalTextRun SCXW129018566 BCX2\">expertise<\/span><span class=\"NormalTextRun SCXW129018566 BCX2\"> in business affairs, legal strategy, and production-related matters. Prior to joining IIF, she spent her entire career at <\/span><span class=\"NormalTextRun SpellingErrorV2Themed SCXW129018566 BCX2\">Publispei<\/span><span class=\"NormalTextRun SCXW129018566 BCX2\">, one of the industry\u2019s most established and respected production companies, where she held key responsibilities across legal and business affairs.<\/span><\/span><\/p>\n<p>[\/et_pb_text][\/et_pb_column][\/et_pb_row][et_pb_row padding_mobile=&#8221;off&#8221; column_padding_mobile=&#8221;on&#8221; admin_label=&#8221;Fila&#8221; _builder_version=&#8221;3.25&#8243; background_size=&#8221;initial&#8221; background_position=&#8221;top_left&#8221; background_repeat=&#8221;repeat&#8221; make_fullwidth=&#8221;off&#8221; use_custom_width=&#8221;off&#8221; width_unit=&#8221;off&#8221; custom_width_px=&#8221;1080px&#8221; custom_width_percent=&#8221;80%&#8221; global_colors_info=&#8221;{}&#8221;][et_pb_column type=&#8221;4_4&#8243; _builder_version=&#8221;3.25&#8243; custom_padding=&#8221;|||&#8221; global_colors_info=&#8221;{}&#8221; custom_padding__hover=&#8221;|||&#8221;][et_pb_code disabled_on=&#8221;off|off|off&#8221; admin_label=&#8221;C\u00f3digo&#8221; global_colors_info=&#8221;{}&#8221;]<div class='cyp_separador' style='border:none !important'>\u00b7} {\u00b7 \u00b7} {\u00b7 \u00b7} {\u00b7 \u00b7} {\u00b7 \u00b7} {\u00b7 \u00b7} {\u00b7 \u00b7} {\u00b7 \u00b7} {\u00b7 \u00b7} {\u00b7 \u00b7} {\u00b7 \u00b7} {\u00b7 \u00b7} {\u00b7 \u00b7} {\u00b7 \u00b7} {\u00b7 \u00b7} {\u00b7 \u00b7} {\u00b7 \u00b7} {\u00b7 \u00b7} {\u00b7 \u00b7} {\u00b7 \u00b7} {\u00b7 \u00b7} {\u00b7 \u00b7} {\u00b7 \u00b7} {\u00b7 \u00b7} {\u00b7 \u00b7} {\u00b7 \u00b7} {\u00b7 \u00b7} {\u00b7 \u00b7} {\u00b7 \u00b7} {\u00b7 \u00b7} {\u00b7 \u00b7} {\u00b7 \u00b7} {\u00b7 \u00b7} {\u00b7 \u00b7} {\u00b7 \u00b7} {\u00b7 \u00b7} {\u00b7 \u00b7} {\u00b7 \u00b7} {\u00b7 \u00b7} {\u00b7 \u00b7} {\u00b7 \u00b7} {\u00b7 \u00b7} {\u00b7 \u00b7} {\u00b7 \u00b7} {\u00b7 \u00b7} {\u00b7 \u00b7} {\u00b7 \u00b7} {\u00b7 \u00b7} {\u00b7 \u00b7} {\u00b7 \u00b7} {\u00b7 <\/div>[\/et_pb_code][\/et_pb_column][\/et_pb_row][et_pb_row column_structure=&#8221;1_4,3_4&#8243; padding_mobile=&#8221;off&#8221; column_padding_mobile=&#8221;on&#8221; disabled_on=&#8221;off|off|off&#8221; admin_label=&#8221;Fila&#8221; module_class=&#8221;cyp_cf3_comite_perfil&#8221; _builder_version=&#8221;3.25&#8243; background_size=&#8221;initial&#8221; background_position=&#8221;top_left&#8221; background_repeat=&#8221;repeat&#8221; make_fullwidth=&#8221;off&#8221; use_custom_width=&#8221;off&#8221; width_unit=&#8221;on&#8221; custom_width_px=&#8221;1080px&#8221; custom_width_percent=&#8221;80%&#8221; locked=&#8221;off&#8221; global_colors_info=&#8221;{}&#8221;][et_pb_column type=&#8221;1_4&#8243; _builder_version=&#8221;3.25&#8243; custom_padding=&#8221;|||&#8221; global_colors_info=&#8221;{}&#8221; custom_padding__hover=&#8221;|||&#8221;][et_pb_image src=&#8221;https:\/\/www.eventconecta.com\/wp-content\/uploads\/2024\/06\/91_TeresaCarbonell-FOTO-BW.jpg&#8221; title_text=&#8221;91_TeresaCarbonell FOTO BW&#8221; align=&#8221;center&#8221; align_tablet=&#8221;center&#8221; align_phone=&#8221;center&#8221; align_last_edited=&#8221;on|desktop&#8221; admin_label=&#8221;Imagen&#8221; _builder_version=&#8221;4.14.7&#8243; use_border_color=&#8221;off&#8221; border_color=&#8221;#ffffff&#8221; border_width=&#8221;1px&#8221; border_style=&#8221;solid&#8221; animation=&#8221;off&#8221; sticky=&#8221;off&#8221; always_center_on_mobile=&#8221;on&#8221; global_colors_info=&#8221;{}&#8221;][\/et_pb_image][\/et_pb_column][et_pb_column type=&#8221;3_4&#8243; _builder_version=&#8221;3.25&#8243; custom_padding=&#8221;|||&#8221; global_colors_info=&#8221;{}&#8221; custom_padding__hover=&#8221;|||&#8221;][et_pb_text admin_label=&#8221;TERESA CARBONELL&#8221; _builder_version=&#8221;4.14.7&#8243; background_size=&#8221;initial&#8221; background_position=&#8221;top_left&#8221; background_repeat=&#8221;repeat&#8221; use_border_color=&#8221;off&#8221; border_color=&#8221;#ffffff&#8221; border_style=&#8221;solid&#8221; global_colors_info=&#8221;{}&#8221;]<\/p>\n<h2>TERESA CARBONELL<\/h2>\n<h3>CEO<\/h3>\n<h4>Konga Music &amp; SaraoMusic (Spain)<\/h4>\n<p>In 1996 she founded the Konga Music Agency, offering a comprehensive service to the audio-visual sector and other brands. In 2012 she formed SaraoMusic, the first and only label for Production Music produced solely in Spain. In 2014, SaraoMusic embarked on a joint venture with Universal, and since then has enjoyed a massive international presence. Teresa Carbonell has been a member of the IPMG (International Production Music Group) and is currently on the boards of both the AEDEM (the Spanish Association of Independent Publishers) and the SGAE (the Spanish Society of Authors and Publishers). She remains a major supporter of music in terms of both the creative process and of the industry and business in itself.<\/p>\n<p>[\/et_pb_text][\/et_pb_column][\/et_pb_row][et_pb_row padding_mobile=&#8221;off&#8221; column_padding_mobile=&#8221;on&#8221; admin_label=&#8221;Fila&#8221; _builder_version=&#8221;3.25&#8243; background_size=&#8221;initial&#8221; background_position=&#8221;top_left&#8221; background_repeat=&#8221;repeat&#8221; make_fullwidth=&#8221;off&#8221; use_custom_width=&#8221;off&#8221; width_unit=&#8221;off&#8221; custom_width_px=&#8221;1080px&#8221; custom_width_percent=&#8221;80%&#8221; global_colors_info=&#8221;{}&#8221;][et_pb_column type=&#8221;4_4&#8243; _builder_version=&#8221;3.25&#8243; custom_padding=&#8221;|||&#8221; global_colors_info=&#8221;{}&#8221; custom_padding__hover=&#8221;|||&#8221;][et_pb_code disabled_on=&#8221;off|off|off&#8221; admin_label=&#8221;C\u00f3digo&#8221; global_colors_info=&#8221;{}&#8221;]<div class='cyp_separador' style='border:none !important'>\u00b7} {\u00b7 \u00b7} {\u00b7 \u00b7} {\u00b7 \u00b7} {\u00b7 \u00b7} {\u00b7 \u00b7} {\u00b7 \u00b7} {\u00b7 \u00b7} {\u00b7 \u00b7} {\u00b7 \u00b7} {\u00b7 \u00b7} {\u00b7 \u00b7} {\u00b7 \u00b7} {\u00b7 \u00b7} {\u00b7 \u00b7} {\u00b7 \u00b7} {\u00b7 \u00b7} {\u00b7 \u00b7} {\u00b7 \u00b7} {\u00b7 \u00b7} {\u00b7 \u00b7} {\u00b7 \u00b7} {\u00b7 \u00b7} {\u00b7 \u00b7} {\u00b7 \u00b7} {\u00b7 \u00b7} {\u00b7 \u00b7} {\u00b7 \u00b7} {\u00b7 \u00b7} {\u00b7 \u00b7} {\u00b7 \u00b7} {\u00b7 \u00b7} {\u00b7 \u00b7} {\u00b7 \u00b7} {\u00b7 \u00b7} {\u00b7 \u00b7} {\u00b7 \u00b7} {\u00b7 \u00b7} {\u00b7 \u00b7} {\u00b7 \u00b7} {\u00b7 \u00b7} {\u00b7 \u00b7} {\u00b7 \u00b7} {\u00b7 \u00b7} {\u00b7 \u00b7} {\u00b7 \u00b7} {\u00b7 \u00b7} {\u00b7 \u00b7} {\u00b7 \u00b7} {\u00b7 \u00b7} {\u00b7 <\/div>[\/et_pb_code][\/et_pb_column][\/et_pb_row][et_pb_row column_structure=&#8221;1_4,3_4&#8243; padding_mobile=&#8221;off&#8221; column_padding_mobile=&#8221;on&#8221; disabled_on=&#8221;off|off|off&#8221; admin_label=&#8221;Fila&#8221; module_class=&#8221;cyp_cf3_comite_perfil&#8221; _builder_version=&#8221;3.25&#8243; background_size=&#8221;initial&#8221; background_position=&#8221;top_left&#8221; background_repeat=&#8221;repeat&#8221; make_fullwidth=&#8221;off&#8221; use_custom_width=&#8221;off&#8221; width_unit=&#8221;on&#8221; custom_width_px=&#8221;1080px&#8221; custom_width_percent=&#8221;80%&#8221; locked=&#8221;off&#8221; global_colors_info=&#8221;{}&#8221;][et_pb_column type=&#8221;1_4&#8243; _builder_version=&#8221;3.25&#8243; custom_padding=&#8221;|||&#8221; global_colors_info=&#8221;{}&#8221; custom_padding__hover=&#8221;|||&#8221;][et_pb_image src=&#8221;https:\/\/www.eventconecta.com\/wp-content\/uploads\/2026\/04\/Margarida-V-Pereira-1.jpg&#8221; title_text=&#8221;Margarida V Pereira (1)&#8221; align=&#8221;center&#8221; align_tablet=&#8221;center&#8221; align_phone=&#8221;center&#8221; align_last_edited=&#8221;on|desktop&#8221; admin_label=&#8221;Imagen&#8221; _builder_version=&#8221;4.14.7&#8243; use_border_color=&#8221;off&#8221; border_color=&#8221;#ffffff&#8221; border_width=&#8221;1px&#8221; border_style=&#8221;solid&#8221; animation=&#8221;off&#8221; sticky=&#8221;off&#8221; always_center_on_mobile=&#8221;on&#8221; global_colors_info=&#8221;{}&#8221;][\/et_pb_image][\/et_pb_column][et_pb_column type=&#8221;3_4&#8243; _builder_version=&#8221;3.25&#8243; custom_padding=&#8221;|||&#8221; global_colors_info=&#8221;{}&#8221; custom_padding__hover=&#8221;|||&#8221;][et_pb_text admin_label=&#8221;MARGARIDA PEREIRA&#8221; _builder_version=&#8221;4.14.7&#8243; background_size=&#8221;initial&#8221; background_position=&#8221;top_left&#8221; background_repeat=&#8221;repeat&#8221; use_border_color=&#8221;off&#8221; border_color=&#8221;#ffffff&#8221; border_style=&#8221;solid&#8221; global_colors_info=&#8221;{}&#8221;]<\/p>\n<h2>MARGARIDA PEREIRA<\/h2>\n<h3>Director of International Acquisitions and Sales<\/h3>\n<h4>TVI (Portugal)<\/h4>\n<p><span data-contrast=\"auto\">Margarida is a multi-lingual, internationally recognized executive with more than 31 years of experience in the broadcast industry. She serves for the past 20 years as Director of Acquisitions and Director of International Programming at TVI, Portugal\u2019s commercial free television channel, where she is responsible for overseeing all international acquisitions, co-productions, and program sales. Margarida combines commercial acumen with a deep understanding of global trends in television content. For the past 20 years, she serves every year as a juror for prestigious awards, including the International Emmys, C21 Drama Awards, Venice TV Festival, SERIESMANIA and the Rose Latin Awards. Prior to joining TVI, Margarida held positions in public relations at INESC and the Ministry of Culture, developing communications strategies and managing media relations across TV, radio, press, and digital platforms.<\/span><span data-ccp-props=\"{}\">\u00a0<\/span><\/p>\n<p>[\/et_pb_text][\/et_pb_column][\/et_pb_row][et_pb_row padding_mobile=&#8221;off&#8221; column_padding_mobile=&#8221;on&#8221; admin_label=&#8221;Fila&#8221; _builder_version=&#8221;3.25&#8243; background_size=&#8221;initial&#8221; background_position=&#8221;top_left&#8221; background_repeat=&#8221;repeat&#8221; make_fullwidth=&#8221;off&#8221; use_custom_width=&#8221;off&#8221; width_unit=&#8221;off&#8221; custom_width_px=&#8221;1080px&#8221; custom_width_percent=&#8221;80%&#8221; global_colors_info=&#8221;{}&#8221;][et_pb_column type=&#8221;4_4&#8243; _builder_version=&#8221;3.25&#8243; custom_padding=&#8221;|||&#8221; global_colors_info=&#8221;{}&#8221; custom_padding__hover=&#8221;|||&#8221;][et_pb_code disabled_on=&#8221;off|off|off&#8221; admin_label=&#8221;C\u00f3digo&#8221; global_colors_info=&#8221;{}&#8221;]<div class='cyp_separador' style='border:none !important'>\u00b7} {\u00b7 \u00b7} {\u00b7 \u00b7} {\u00b7 \u00b7} {\u00b7 \u00b7} {\u00b7 \u00b7} {\u00b7 \u00b7} {\u00b7 \u00b7} {\u00b7 \u00b7} {\u00b7 \u00b7} {\u00b7 \u00b7} {\u00b7 \u00b7} {\u00b7 \u00b7} {\u00b7 \u00b7} {\u00b7 \u00b7} {\u00b7 \u00b7} {\u00b7 \u00b7} {\u00b7 \u00b7} {\u00b7 \u00b7} {\u00b7 \u00b7} {\u00b7 \u00b7} {\u00b7 \u00b7} {\u00b7 \u00b7} {\u00b7 \u00b7} {\u00b7 \u00b7} {\u00b7 \u00b7} {\u00b7 \u00b7} {\u00b7 \u00b7} {\u00b7 \u00b7} {\u00b7 \u00b7} {\u00b7 \u00b7} {\u00b7 \u00b7} {\u00b7 \u00b7} {\u00b7 \u00b7} {\u00b7 \u00b7} {\u00b7 \u00b7} {\u00b7 \u00b7} {\u00b7 \u00b7} {\u00b7 \u00b7} {\u00b7 \u00b7} {\u00b7 \u00b7} {\u00b7 \u00b7} {\u00b7 \u00b7} {\u00b7 \u00b7} {\u00b7 \u00b7} {\u00b7 \u00b7} {\u00b7 \u00b7} {\u00b7 \u00b7} {\u00b7 \u00b7} {\u00b7 \u00b7} {\u00b7 <\/div>[\/et_pb_code][\/et_pb_column][\/et_pb_row][et_pb_row column_structure=&#8221;1_4,3_4&#8243; padding_mobile=&#8221;off&#8221; column_padding_mobile=&#8221;on&#8221; disabled_on=&#8221;off|off|off&#8221; admin_label=&#8221;Fila&#8221; module_class=&#8221;cyp_cf3_comite_perfil&#8221; _builder_version=&#8221;3.25&#8243; background_size=&#8221;initial&#8221; background_position=&#8221;top_left&#8221; background_repeat=&#8221;repeat&#8221; make_fullwidth=&#8221;off&#8221; use_custom_width=&#8221;off&#8221; width_unit=&#8221;on&#8221; custom_width_px=&#8221;1080px&#8221; custom_width_percent=&#8221;80%&#8221; locked=&#8221;off&#8221; global_colors_info=&#8221;{}&#8221;][et_pb_column type=&#8221;1_4&#8243; _builder_version=&#8221;3.25&#8243; custom_padding=&#8221;|||&#8221; global_colors_info=&#8221;{}&#8221; custom_padding__hover=&#8221;|||&#8221;][et_pb_image src=&#8221;https:\/\/www.eventconecta.com\/wp-content\/uploads\/2026\/03\/sebastian-krekeler.jpg&#8221; title_text=&#8221;sebastian krekeler&#8221; align=&#8221;center&#8221; align_tablet=&#8221;center&#8221; align_phone=&#8221;center&#8221; align_last_edited=&#8221;on|desktop&#8221; admin_label=&#8221;Imagen&#8221; _builder_version=&#8221;4.14.7&#8243; use_border_color=&#8221;off&#8221; border_color=&#8221;#ffffff&#8221; border_width=&#8221;1px&#8221; border_style=&#8221;solid&#8221; animation=&#8221;off&#8221; sticky=&#8221;off&#8221; always_center_on_mobile=&#8221;on&#8221; global_colors_info=&#8221;{}&#8221;][\/et_pb_image][\/et_pb_column][et_pb_column type=&#8221;3_4&#8243; _builder_version=&#8221;3.25&#8243; custom_padding=&#8221;|||&#8221; global_colors_info=&#8221;{}&#8221; custom_padding__hover=&#8221;|||&#8221;][et_pb_text admin_label=&#8221;SEBASTIAN KREKELER&#8221; _builder_version=&#8221;4.14.7&#8243; background_size=&#8221;initial&#8221; background_position=&#8221;top_left&#8221; background_repeat=&#8221;repeat&#8221; use_border_color=&#8221;off&#8221; border_color=&#8221;#ffffff&#8221; border_style=&#8221;solid&#8221; global_colors_info=&#8221;{}&#8221;]<\/p>\n<h2>SEBASTIAN KREKELER<\/h2>\n<h3>Senior Sales &amp; Acquisitions Director \/ Deputy Head of ZDFS Drama<\/h3>\n<h4>ZDF STUDIOS (Germany)<\/h4>\n<p>Sebastian Krekeler joined ZDF Enterprises in 2008 as Personal Assistant to then CEO Alexander Corida\u00df. In 2010, he took on responsibilities in Sales Management and Business Development VoD (Video-on-Demand) for the GAS (Germany, Austria and Switzerland) region, expanding his responsibilities to Sales in GAS and Italy in 2013. In 2016, Sebastian became Director ZDFE.drama for Sales &amp; Acquisitions in GAS and Italy. Among his latest projects are \u201cMaltese\u201d (Palomar for Rai), \u201cThe Crimson Rivers\u201d (Storia for France 2\/ZDF with Maze Pictures\/ZDFE.drama) and \u201cFreud\u201d (Satel Films\/Bavaria.fiction for ORF\/Netflix).<\/p>\n<p>[\/et_pb_text][\/et_pb_column][\/et_pb_row][et_pb_row padding_mobile=&#8221;off&#8221; column_padding_mobile=&#8221;on&#8221; admin_label=&#8221;Fila&#8221; _builder_version=&#8221;3.25&#8243; background_size=&#8221;initial&#8221; background_position=&#8221;top_left&#8221; background_repeat=&#8221;repeat&#8221; make_fullwidth=&#8221;off&#8221; use_custom_width=&#8221;off&#8221; width_unit=&#8221;off&#8221; custom_width_px=&#8221;1080px&#8221; custom_width_percent=&#8221;80%&#8221; global_colors_info=&#8221;{}&#8221;][et_pb_column type=&#8221;4_4&#8243; _builder_version=&#8221;3.25&#8243; custom_padding=&#8221;|||&#8221; global_colors_info=&#8221;{}&#8221; custom_padding__hover=&#8221;|||&#8221;][et_pb_code disabled_on=&#8221;off|off|off&#8221; admin_label=&#8221;C\u00f3digo&#8221; global_colors_info=&#8221;{}&#8221;]<div class='cyp_separador' style='border:none !important'>\u00b7} {\u00b7 \u00b7} {\u00b7 \u00b7} {\u00b7 \u00b7} {\u00b7 \u00b7} {\u00b7 \u00b7} {\u00b7 \u00b7} {\u00b7 \u00b7} {\u00b7 \u00b7} {\u00b7 \u00b7} {\u00b7 \u00b7} {\u00b7 \u00b7} {\u00b7 \u00b7} {\u00b7 \u00b7} {\u00b7 \u00b7} {\u00b7 \u00b7} {\u00b7 \u00b7} {\u00b7 \u00b7} {\u00b7 \u00b7} {\u00b7 \u00b7} {\u00b7 \u00b7} {\u00b7 \u00b7} {\u00b7 \u00b7} {\u00b7 \u00b7} {\u00b7 \u00b7} {\u00b7 \u00b7} {\u00b7 \u00b7} {\u00b7 \u00b7} {\u00b7 \u00b7} {\u00b7 \u00b7} {\u00b7 \u00b7} {\u00b7 \u00b7} {\u00b7 \u00b7} {\u00b7 \u00b7} {\u00b7 \u00b7} {\u00b7 \u00b7} {\u00b7 \u00b7} {\u00b7 \u00b7} {\u00b7 \u00b7} {\u00b7 \u00b7} {\u00b7 \u00b7} {\u00b7 \u00b7} {\u00b7 \u00b7} {\u00b7 \u00b7} {\u00b7 \u00b7} {\u00b7 \u00b7} {\u00b7 \u00b7} {\u00b7 \u00b7} {\u00b7 \u00b7} {\u00b7 \u00b7} {\u00b7 <\/div>[\/et_pb_code][\/et_pb_column][\/et_pb_row][et_pb_row column_structure=&#8221;1_4,3_4&#8243; padding_mobile=&#8221;off&#8221; column_padding_mobile=&#8221;on&#8221; disabled_on=&#8221;off|off|off&#8221; admin_label=&#8221;Fila&#8221; module_class=&#8221;cyp_cf3_comite_perfil&#8221; _builder_version=&#8221;3.25&#8243; background_size=&#8221;initial&#8221; background_position=&#8221;top_left&#8221; background_repeat=&#8221;repeat&#8221; make_fullwidth=&#8221;off&#8221; use_custom_width=&#8221;off&#8221; width_unit=&#8221;on&#8221; custom_width_px=&#8221;1080px&#8221; custom_width_percent=&#8221;80%&#8221; locked=&#8221;off&#8221; global_colors_info=&#8221;{}&#8221;][et_pb_column type=&#8221;1_4&#8243; _builder_version=&#8221;3.25&#8243; custom_padding=&#8221;|||&#8221; global_colors_info=&#8221;{}&#8221; custom_padding__hover=&#8221;|||&#8221;][et_pb_image src=&#8221;https:\/\/www.eventconecta.com\/wp-content\/uploads\/2026\/04\/MarDiazfoto-1-scaled.jpg&#8221; title_text=&#8221;MarDiazfoto (1)&#8221; align=&#8221;center&#8221; align_tablet=&#8221;center&#8221; align_phone=&#8221;center&#8221; align_last_edited=&#8221;on|desktop&#8221; admin_label=&#8221;Imagen&#8221; _builder_version=&#8221;4.14.7&#8243; use_border_color=&#8221;off&#8221; border_color=&#8221;#ffffff&#8221; border_width=&#8221;1px&#8221; border_style=&#8221;solid&#8221; animation=&#8221;off&#8221; sticky=&#8221;off&#8221; always_center_on_mobile=&#8221;on&#8221; global_colors_info=&#8221;{}&#8221;][\/et_pb_image][\/et_pb_column][et_pb_column type=&#8221;3_4&#8243; _builder_version=&#8221;3.25&#8243; custom_padding=&#8221;|||&#8221; global_colors_info=&#8221;{}&#8221; custom_padding__hover=&#8221;|||&#8221;][et_pb_text admin_label=&#8221;MAR DIAZ&#8221; _builder_version=&#8221;4.14.7&#8243; background_size=&#8221;initial&#8221; background_position=&#8221;top_left&#8221; background_repeat=&#8221;repeat&#8221; hover_enabled=&#8221;0&#8243; use_border_color=&#8221;off&#8221; border_color=&#8221;#ffffff&#8221; border_style=&#8221;solid&#8221; global_colors_info=&#8221;{}&#8221; sticky_enabled=&#8221;0&#8243;]<\/p>\n<h2>MAR DIAZ<\/h2>\n<h3>EXECUTIVE PRODUCER &#8211; FICTION<\/h3>\n<h4>RTVE (Spain)<\/h4>\n<p data-start=\"0\" data-end=\"148\">After working as a film journalist at RTVE for more than two decades, she has been part of RTVE\u2019s Fiction Department team since 2017 and has served as the network\u2019s executive producer on series such as <em data-start=\"202\" data-end=\"221\">Servir y proteger<\/em>, <em data-start=\"223\" data-end=\"232\">La caza<\/em> (<em data-start=\"234\" data-end=\"248\">Monteperdido<\/em>, <em data-start=\"250\" data-end=\"262\">Tramuntana<\/em> and <em data-start=\"267\" data-end=\"277\">Guadiana<\/em>), <em data-start=\"280\" data-end=\"287\">N\u00e9boa<\/em>, <em data-start=\"289\" data-end=\"299\">Fugitiva<\/em>, <em data-start=\"301\" data-end=\"327\">Diarios de la cuarentena<\/em>, <em data-start=\"329\" data-end=\"341\">Ana Tramel<\/em>, <em data-start=\"343\" data-end=\"348\">Hit<\/em>, <em data-start=\"350\" data-end=\"376\">Historias para no dormir<\/em>, <em data-start=\"378\" data-end=\"386\">Sequ\u00eda<\/em>, <em data-start=\"388\" data-end=\"401\">Sin l\u00edmites<\/em>, <em data-start=\"403\" data-end=\"436\">Los pacientes del doctor Garc\u00eda<\/em>, <em data-start=\"438\" data-end=\"453\">Fuego cruzado<\/em>, <em data-start=\"455\" data-end=\"468\">4 estrellas<\/em>, <em data-start=\"470\" data-end=\"486\">La ley del mar<\/em>, <em data-start=\"488\" data-end=\"506\">Asuntos internos<\/em>, <em data-start=\"508\" data-end=\"525\">Weiss &amp; Morales<\/em>, <em data-start=\"527\" data-end=\"539\">La promesa<\/em> and <em data-start=\"544\" data-end=\"562\">Barrio Esperanza<\/em>.<\/p>\n<p>[\/et_pb_text][\/et_pb_column][\/et_pb_row][et_pb_row padding_mobile=&#8221;off&#8221; column_padding_mobile=&#8221;on&#8221; admin_label=&#8221;Fila&#8221; _builder_version=&#8221;3.25&#8243; background_size=&#8221;initial&#8221; background_position=&#8221;top_left&#8221; background_repeat=&#8221;repeat&#8221; make_fullwidth=&#8221;off&#8221; use_custom_width=&#8221;off&#8221; width_unit=&#8221;off&#8221; custom_width_px=&#8221;1080px&#8221; custom_width_percent=&#8221;80%&#8221; global_colors_info=&#8221;{}&#8221;][et_pb_column type=&#8221;4_4&#8243; _builder_version=&#8221;3.25&#8243; custom_padding=&#8221;|||&#8221; global_colors_info=&#8221;{}&#8221; custom_padding__hover=&#8221;|||&#8221;][et_pb_code disabled_on=&#8221;off|off|off&#8221; admin_label=&#8221;C\u00f3digo&#8221; global_colors_info=&#8221;{}&#8221;]<div class='cyp_separador' style='border:none !important'>\u00b7} {\u00b7 \u00b7} {\u00b7 \u00b7} {\u00b7 \u00b7} {\u00b7 \u00b7} {\u00b7 \u00b7} {\u00b7 \u00b7} {\u00b7 \u00b7} {\u00b7 \u00b7} {\u00b7 \u00b7} {\u00b7 \u00b7} {\u00b7 \u00b7} {\u00b7 \u00b7} {\u00b7 \u00b7} {\u00b7 \u00b7} {\u00b7 \u00b7} {\u00b7 \u00b7} {\u00b7 \u00b7} {\u00b7 \u00b7} {\u00b7 \u00b7} {\u00b7 \u00b7} {\u00b7 \u00b7} {\u00b7 \u00b7} {\u00b7 \u00b7} {\u00b7 \u00b7} {\u00b7 \u00b7} {\u00b7 \u00b7} {\u00b7 \u00b7} {\u00b7 \u00b7} {\u00b7 \u00b7} {\u00b7 \u00b7} {\u00b7 \u00b7} {\u00b7 \u00b7} {\u00b7 \u00b7} {\u00b7 \u00b7} {\u00b7 \u00b7} {\u00b7 \u00b7} {\u00b7 \u00b7} {\u00b7 \u00b7} {\u00b7 \u00b7} {\u00b7 \u00b7} {\u00b7 \u00b7} {\u00b7 \u00b7} {\u00b7 \u00b7} {\u00b7 \u00b7} {\u00b7 \u00b7} {\u00b7 \u00b7} {\u00b7 \u00b7} {\u00b7 \u00b7} {\u00b7 \u00b7} {\u00b7 <\/div>[\/et_pb_code][\/et_pb_column][\/et_pb_row][\/et_pb_section][et_pb_section fb_built=&#8221;1&#8243; custom_padding_last_edited=&#8221;on|desktop&#8221; disabled_on=&#8221;on|on|on&#8221; admin_label=&#8221;C9&#8243; module_class=&#8221;cyp_cf3_sobre&#8221; _builder_version=&#8221;4.14.7&#8243; custom_padding_tablet=&#8221;50px|0|50px|0&#8243; custom_padding_phone=&#8221;50px|0|50px|0&#8243; transparent_background=&#8221;off&#8221; padding_mobile=&#8221;off&#8221; make_fullwidth=&#8221;off&#8221; use_custom_width=&#8221;off&#8221; width_unit=&#8221;on&#8221; custom_width_px=&#8221;1080px&#8221; custom_width_percent=&#8221;80%&#8221; disabled=&#8221;on&#8221; collapsed=&#8221;on&#8221; global_colors_info=&#8221;{}&#8221;][et_pb_row column_structure=&#8221;1_4,3_4&#8243; padding_mobile=&#8221;off&#8221; column_padding_mobile=&#8221;on&#8221; disabled_on=&#8221;off|off|off&#8221; admin_label=&#8221;Fila&#8221; module_class=&#8221;cyp_cf3_comite_perfil&#8221; _builder_version=&#8221;3.25&#8243; background_size=&#8221;initial&#8221; background_position=&#8221;top_left&#8221; background_repeat=&#8221;repeat&#8221; make_fullwidth=&#8221;off&#8221; use_custom_width=&#8221;off&#8221; width_unit=&#8221;on&#8221; custom_width_px=&#8221;1080px&#8221; custom_width_percent=&#8221;80%&#8221; locked=&#8221;off&#8221; global_colors_info=&#8221;{}&#8221;][et_pb_column type=&#8221;1_4&#8243; _builder_version=&#8221;3.25&#8243; custom_padding=&#8221;|||&#8221; global_colors_info=&#8221;{}&#8221; custom_padding__hover=&#8221;|||&#8221;][et_pb_image src=&#8221;https:\/\/www.eventconecta.com\/wp-content\/uploads\/2025\/04\/Marco-Headshot-2025-2-scaled.jpeg&#8221; title_text=&#8221;Marco &#8211; Headshot 2025 2&#8243; align=&#8221;center&#8221; align_tablet=&#8221;center&#8221; align_phone=&#8221;center&#8221; align_last_edited=&#8221;on|desktop&#8221; disabled_on=&#8221;off|off|off&#8221; admin_label=&#8221;Imagen&#8221; _builder_version=&#8221;4.14.7&#8243; use_border_color=&#8221;off&#8221; border_color=&#8221;#ffffff&#8221; border_width=&#8221;1px&#8221; border_style=&#8221;solid&#8221; animation=&#8221;off&#8221; sticky=&#8221;off&#8221; always_center_on_mobile=&#8221;on&#8221; global_colors_info=&#8221;{}&#8221;]&nbsp;<br \/>\n[\/et_pb_image][\/et_pb_column][et_pb_column type=&#8221;3_4&#8243; _builder_version=&#8221;3.25&#8243; custom_padding=&#8221;|||&#8221; global_colors_info=&#8221;{}&#8221; custom_padding__hover=&#8221;|||&#8221;][et_pb_text disabled_on=&#8221;off|off|off&#8221; admin_label=&#8221;MARCO ARABIT&#8221; _builder_version=&#8221;4.14.7&#8243; background_size=&#8221;initial&#8221; background_position=&#8221;top_left&#8221; background_repeat=&#8221;repeat&#8221; use_border_color=&#8221;off&#8221; border_color=&#8221;#ffffff&#8221; border_style=&#8221;solid&#8221; global_colors_info=&#8221;{}&#8221;]<\/p>\n<h2>MARCO ARABIT<\/h2>\n<h3>SVP &amp; Co-Head of International Distribution<\/h3>\n<h4>New Regency Productions (UK)<\/h4>\n<p>Marco is a highly accomplished senior executive with a proven track record in international content distribution, driving significant revenue growth across various international media &amp; production organisations. Currently serving as SVP &amp; Co-Head of International Distribution at New Regency, he spearheads global content strategies through Sales, Acquisitions and Coproduction opportunities.\u00a0 His expertise spans strategic planning, financial modelling and implementation of diverse revenue generating models across multiple regions. He has successfully navigated complex markets and fostered strong client relationships through his 17+ years in the business.\u00a0Before New Regency he gained valuable experience in content curation, monetisation and cross-vertical third-party alliances at Legendary Entertainment and Paramount (formerly Viacom). He has a deep understanding of the global media landscape, combined with a strong business acumen.<\/p>\n<p>[\/et_pb_text][\/et_pb_column][\/et_pb_row][et_pb_row padding_mobile=&#8221;off&#8221; column_padding_mobile=&#8221;on&#8221; admin_label=&#8221;Fila&#8221; _builder_version=&#8221;3.25&#8243; background_size=&#8221;initial&#8221; background_position=&#8221;top_left&#8221; background_repeat=&#8221;repeat&#8221; make_fullwidth=&#8221;off&#8221; use_custom_width=&#8221;off&#8221; width_unit=&#8221;off&#8221; custom_width_px=&#8221;1080px&#8221; custom_width_percent=&#8221;80%&#8221; locked=&#8221;off&#8221; global_colors_info=&#8221;{}&#8221;][et_pb_column type=&#8221;4_4&#8243; _builder_version=&#8221;3.25&#8243; custom_padding=&#8221;|||&#8221; global_colors_info=&#8221;{}&#8221; custom_padding__hover=&#8221;|||&#8221;][et_pb_code disabled_on=&#8221;off|off|off&#8221; admin_label=&#8221;C\u00f3digo&#8221; global_colors_info=&#8221;{}&#8221;]<div class='cyp_separador' style='border:none !important'>\u00b7} {\u00b7 \u00b7} {\u00b7 \u00b7} {\u00b7 \u00b7} {\u00b7 \u00b7} {\u00b7 \u00b7} {\u00b7 \u00b7} {\u00b7 \u00b7} {\u00b7 \u00b7} {\u00b7 \u00b7} {\u00b7 \u00b7} {\u00b7 \u00b7} {\u00b7 \u00b7} {\u00b7 \u00b7} {\u00b7 \u00b7} {\u00b7 \u00b7} {\u00b7 \u00b7} {\u00b7 \u00b7} {\u00b7 \u00b7} {\u00b7 \u00b7} {\u00b7 \u00b7} {\u00b7 \u00b7} {\u00b7 \u00b7} {\u00b7 \u00b7} {\u00b7 \u00b7} {\u00b7 \u00b7} {\u00b7 \u00b7} {\u00b7 \u00b7} {\u00b7 \u00b7} {\u00b7 \u00b7} {\u00b7 \u00b7} {\u00b7 \u00b7} {\u00b7 \u00b7} {\u00b7 \u00b7} {\u00b7 \u00b7} {\u00b7 \u00b7} {\u00b7 \u00b7} {\u00b7 \u00b7} {\u00b7 \u00b7} {\u00b7 \u00b7} {\u00b7 \u00b7} {\u00b7 \u00b7} {\u00b7 \u00b7} {\u00b7 \u00b7} {\u00b7 \u00b7} {\u00b7 \u00b7} {\u00b7 \u00b7} {\u00b7 \u00b7} {\u00b7 \u00b7} {\u00b7 \u00b7} {\u00b7 <\/div>[\/et_pb_code][\/et_pb_column][\/et_pb_row][et_pb_row column_structure=&#8221;1_4,3_4&#8243; padding_mobile=&#8221;off&#8221; column_padding_mobile=&#8221;on&#8221; disabled_on=&#8221;off|off|off&#8221; admin_label=&#8221;Fila&#8221; module_class=&#8221;cyp_cf3_comite_perfil&#8221; _builder_version=&#8221;3.25&#8243; background_size=&#8221;initial&#8221; background_position=&#8221;top_left&#8221; background_repeat=&#8221;repeat&#8221; make_fullwidth=&#8221;off&#8221; use_custom_width=&#8221;off&#8221; width_unit=&#8221;on&#8221; custom_width_px=&#8221;1080px&#8221; custom_width_percent=&#8221;80%&#8221; locked=&#8221;off&#8221; global_colors_info=&#8221;{}&#8221;][et_pb_column type=&#8221;1_4&#8243; _builder_version=&#8221;3.25&#8243; custom_padding=&#8221;|||&#8221; global_colors_info=&#8221;{}&#8221; custom_padding__hover=&#8221;|||&#8221;][et_pb_image src=&#8221;https:\/\/www.eventconecta.com\/wp-content\/uploads\/2025\/04\/BEATRIZ-CEA-OKAN-2.jpg&#8221; title_text=&#8221;BEATRIZ CEA OKAN 2&#8243; align=&#8221;center&#8221; align_tablet=&#8221;center&#8221; align_phone=&#8221;center&#8221; align_last_edited=&#8221;on|desktop&#8221; disabled_on=&#8221;off|off|off&#8221; admin_label=&#8221;Imagen&#8221; _builder_version=&#8221;4.14.7&#8243; use_border_color=&#8221;off&#8221; border_color=&#8221;#ffffff&#8221; border_width=&#8221;1px&#8221; border_style=&#8221;solid&#8221; animation=&#8221;off&#8221; sticky=&#8221;off&#8221; always_center_on_mobile=&#8221;on&#8221; global_colors_info=&#8221;{}&#8221;]&nbsp;<br \/>\n[\/et_pb_image][\/et_pb_column][et_pb_column type=&#8221;3_4&#8243; _builder_version=&#8221;3.25&#8243; custom_padding=&#8221;|||&#8221; global_colors_info=&#8221;{}&#8221; custom_padding__hover=&#8221;|||&#8221;][et_pb_text disabled_on=&#8221;off|off|off&#8221; admin_label=&#8221;BEATRIZ CEA OKAN&#8221; _builder_version=&#8221;4.14.7&#8243; background_size=&#8221;initial&#8221; background_position=&#8221;top_left&#8221; background_repeat=&#8221;repeat&#8221; use_border_color=&#8221;off&#8221; border_color=&#8221;#ffffff&#8221; border_style=&#8221;solid&#8221; global_colors_info=&#8221;{}&#8221;]<\/p>\n<h2>BEATRIZ CEA OKAN<\/h2>\n<h3>VP and Head of Sales and Acquisitions<\/h3>\n<h4>Inter Medya (Turkey)<\/h4>\n<p>She is currently VP and Head of Sales and Acquisitions for Latin America, Spain and Hispanic America at Inter Medya. Spanish by birth, she studied Tourism and Marketing, and specialized in Protocol. Her first job was as a flight attendant, and after living in London and Rome, she took the leap to the audiovisual world to join INTER MEDYA in 2014, where she started as a sales executive, which allowed her to continue traveling halfway around the world. Over time, she took on more responsibilities, betting on the Latin American market and the expansion of Turkish production distribution in her native country. Her goal is to continue growing in these markets.<\/p>\n<p>[\/et_pb_text][\/et_pb_column][\/et_pb_row][et_pb_row padding_mobile=&#8221;off&#8221; column_padding_mobile=&#8221;on&#8221; admin_label=&#8221;Fila&#8221; _builder_version=&#8221;3.25&#8243; background_size=&#8221;initial&#8221; background_position=&#8221;top_left&#8221; background_repeat=&#8221;repeat&#8221; make_fullwidth=&#8221;off&#8221; use_custom_width=&#8221;off&#8221; width_unit=&#8221;off&#8221; custom_width_px=&#8221;1080px&#8221; custom_width_percent=&#8221;80%&#8221; locked=&#8221;off&#8221; global_colors_info=&#8221;{}&#8221;][et_pb_column type=&#8221;4_4&#8243; _builder_version=&#8221;3.25&#8243; custom_padding=&#8221;|||&#8221; global_colors_info=&#8221;{}&#8221; custom_padding__hover=&#8221;|||&#8221;][et_pb_code disabled_on=&#8221;off|off|off&#8221; admin_label=&#8221;C\u00f3digo&#8221; global_colors_info=&#8221;{}&#8221;]<div class='cyp_separador' style='border:none !important'>\u00b7} {\u00b7 \u00b7} {\u00b7 \u00b7} {\u00b7 \u00b7} {\u00b7 \u00b7} {\u00b7 \u00b7} {\u00b7 \u00b7} {\u00b7 \u00b7} {\u00b7 \u00b7} {\u00b7 \u00b7} {\u00b7 \u00b7} {\u00b7 \u00b7} {\u00b7 \u00b7} {\u00b7 \u00b7} {\u00b7 \u00b7} {\u00b7 \u00b7} {\u00b7 \u00b7} {\u00b7 \u00b7} {\u00b7 \u00b7} {\u00b7 \u00b7} {\u00b7 \u00b7} {\u00b7 \u00b7} {\u00b7 \u00b7} {\u00b7 \u00b7} {\u00b7 \u00b7} {\u00b7 \u00b7} {\u00b7 \u00b7} {\u00b7 \u00b7} {\u00b7 \u00b7} {\u00b7 \u00b7} {\u00b7 \u00b7} {\u00b7 \u00b7} {\u00b7 \u00b7} {\u00b7 \u00b7} {\u00b7 \u00b7} {\u00b7 \u00b7} {\u00b7 \u00b7} {\u00b7 \u00b7} {\u00b7 \u00b7} {\u00b7 \u00b7} {\u00b7 \u00b7} {\u00b7 \u00b7} {\u00b7 \u00b7} {\u00b7 \u00b7} {\u00b7 \u00b7} {\u00b7 \u00b7} {\u00b7 \u00b7} {\u00b7 \u00b7} {\u00b7 \u00b7} {\u00b7 \u00b7} {\u00b7 <\/div>[\/et_pb_code][\/et_pb_column][\/et_pb_row][et_pb_row column_structure=&#8221;1_4,3_4&#8243; padding_mobile=&#8221;off&#8221; column_padding_mobile=&#8221;on&#8221; disabled_on=&#8221;off|off|off&#8221; admin_label=&#8221;Fila&#8221; module_class=&#8221;cyp_cf3_comite_perfil&#8221; _builder_version=&#8221;3.25&#8243; background_size=&#8221;initial&#8221; background_position=&#8221;top_left&#8221; background_repeat=&#8221;repeat&#8221; make_fullwidth=&#8221;off&#8221; use_custom_width=&#8221;off&#8221; width_unit=&#8221;on&#8221; custom_width_px=&#8221;1080px&#8221; custom_width_percent=&#8221;80%&#8221; locked=&#8221;off&#8221; global_colors_info=&#8221;{}&#8221;][et_pb_column type=&#8221;1_4&#8243; _builder_version=&#8221;3.25&#8243; custom_padding=&#8221;|||&#8221; global_colors_info=&#8221;{}&#8221; custom_padding__hover=&#8221;|||&#8221;][et_pb_image src=&#8221;https:\/\/www.eventconecta.com\/wp-content\/uploads\/2025\/04\/nadia-foto-2.jpeg&#8221; title_text=&#8221;nadia foto 2&#8243; align=&#8221;center&#8221; align_tablet=&#8221;center&#8221; align_phone=&#8221;center&#8221; align_last_edited=&#8221;on|desktop&#8221; disabled_on=&#8221;off|off|off&#8221; admin_label=&#8221;Imagen&#8221; _builder_version=&#8221;4.14.7&#8243; use_border_color=&#8221;off&#8221; border_color=&#8221;#ffffff&#8221; border_width=&#8221;1px&#8221; border_style=&#8221;solid&#8221; animation=&#8221;off&#8221; sticky=&#8221;off&#8221; always_center_on_mobile=&#8221;on&#8221; global_colors_info=&#8221;{}&#8221;]&nbsp;<br \/>\n[\/et_pb_image][\/et_pb_column][et_pb_column type=&#8221;3_4&#8243; _builder_version=&#8221;3.25&#8243; custom_padding=&#8221;|||&#8221; global_colors_info=&#8221;{}&#8221; custom_padding__hover=&#8221;|||&#8221;][et_pb_text disabled_on=&#8221;off|off|off&#8221; admin_label=&#8221;NADIA CHEVALLARD&#8221; _builder_version=&#8221;4.14.7&#8243; background_size=&#8221;initial&#8221; background_position=&#8221;top_left&#8221; background_repeat=&#8221;repeat&#8221; use_border_color=&#8221;off&#8221; border_color=&#8221;#ffffff&#8221; border_style=&#8221;solid&#8221; global_colors_info=&#8221;{}&#8221;]<\/p>\n<h2>NADIA CHEVALLARD<\/h2>\n<h3>SVP International Sales<\/h3>\n<h4>STUDIO TF1 (France)<\/h4>\n<p>A passionate, experienced and highly self-motivated professional within the international content distribution business. She\u2019s currently the Director of International Sales at STUDIO TF1 and has a long-standing and proven track record in delivering ongoing business growth in international programme sales, working strategically, creatively and commercially across a wide range of territories. Successfully nurtures and maintains excellent client relationships through an extensive network of contacts within the industry. Known for performance in demanding environments and creating opportunities for new business by investigating in client relationships, with 1st class negotiation experience.<\/p>\n<p>[\/et_pb_text][\/et_pb_column][\/et_pb_row][et_pb_row padding_mobile=&#8221;off&#8221; column_padding_mobile=&#8221;on&#8221; admin_label=&#8221;Fila&#8221; _builder_version=&#8221;3.25&#8243; background_size=&#8221;initial&#8221; background_position=&#8221;top_left&#8221; background_repeat=&#8221;repeat&#8221; make_fullwidth=&#8221;off&#8221; use_custom_width=&#8221;off&#8221; width_unit=&#8221;off&#8221; custom_width_px=&#8221;1080px&#8221; custom_width_percent=&#8221;80%&#8221; locked=&#8221;off&#8221; global_colors_info=&#8221;{}&#8221;][et_pb_column type=&#8221;4_4&#8243; _builder_version=&#8221;3.25&#8243; custom_padding=&#8221;|||&#8221; global_colors_info=&#8221;{}&#8221; custom_padding__hover=&#8221;|||&#8221;][et_pb_code disabled_on=&#8221;off|off|off&#8221; admin_label=&#8221;C\u00f3digo&#8221; global_colors_info=&#8221;{}&#8221;]<div class='cyp_separador' style='border:none !important'>\u00b7} {\u00b7 \u00b7} {\u00b7 \u00b7} {\u00b7 \u00b7} {\u00b7 \u00b7} {\u00b7 \u00b7} {\u00b7 \u00b7} {\u00b7 \u00b7} {\u00b7 \u00b7} {\u00b7 \u00b7} {\u00b7 \u00b7} {\u00b7 \u00b7} {\u00b7 \u00b7} {\u00b7 \u00b7} {\u00b7 \u00b7} {\u00b7 \u00b7} {\u00b7 \u00b7} {\u00b7 \u00b7} {\u00b7 \u00b7} {\u00b7 \u00b7} {\u00b7 \u00b7} {\u00b7 \u00b7} {\u00b7 \u00b7} {\u00b7 \u00b7} {\u00b7 \u00b7} {\u00b7 \u00b7} {\u00b7 \u00b7} {\u00b7 \u00b7} {\u00b7 \u00b7} {\u00b7 \u00b7} {\u00b7 \u00b7} {\u00b7 \u00b7} {\u00b7 \u00b7} {\u00b7 \u00b7} {\u00b7 \u00b7} {\u00b7 \u00b7} {\u00b7 \u00b7} {\u00b7 \u00b7} {\u00b7 \u00b7} {\u00b7 \u00b7} {\u00b7 \u00b7} {\u00b7 \u00b7} {\u00b7 \u00b7} {\u00b7 \u00b7} {\u00b7 \u00b7} {\u00b7 \u00b7} {\u00b7 \u00b7} {\u00b7 \u00b7} {\u00b7 \u00b7} {\u00b7 \u00b7} {\u00b7 <\/div>[\/et_pb_code][\/et_pb_column][\/et_pb_row][et_pb_row column_structure=&#8221;1_4,3_4&#8243; padding_mobile=&#8221;off&#8221; column_padding_mobile=&#8221;on&#8221; disabled_on=&#8221;off|off|off&#8221; admin_label=&#8221;Fila&#8221; module_class=&#8221;cyp_cf3_comite_perfil&#8221; _builder_version=&#8221;3.25&#8243; background_size=&#8221;initial&#8221; background_position=&#8221;top_left&#8221; background_repeat=&#8221;repeat&#8221; make_fullwidth=&#8221;off&#8221; use_custom_width=&#8221;off&#8221; width_unit=&#8221;on&#8221; custom_width_px=&#8221;1080px&#8221; custom_width_percent=&#8221;80%&#8221; locked=&#8221;off&#8221; global_colors_info=&#8221;{}&#8221;][et_pb_column type=&#8221;1_4&#8243; _builder_version=&#8221;3.25&#8243; custom_padding=&#8221;|||&#8221; global_colors_info=&#8221;{}&#8221; custom_padding__hover=&#8221;|||&#8221;][et_pb_image src=&#8221;https:\/\/www.eventconecta.com\/wp-content\/uploads\/2023\/04\/Audrey-Kamga_BW.png&#8221; title_text=&#8221;Audrey Kamga_BW&#8221; align=&#8221;center&#8221; align_tablet=&#8221;center&#8221; align_phone=&#8221;center&#8221; align_last_edited=&#8221;on|desktop&#8221; admin_label=&#8221;Imagen&#8221; _builder_version=&#8221;4.14.7&#8243; use_border_color=&#8221;off&#8221; border_color=&#8221;#ffffff&#8221; border_width=&#8221;1px&#8221; border_style=&#8221;solid&#8221; animation=&#8221;off&#8221; sticky=&#8221;off&#8221; always_center_on_mobile=&#8221;on&#8221; global_colors_info=&#8221;{}&#8221;][\/et_pb_image][\/et_pb_column][et_pb_column type=&#8221;3_4&#8243; _builder_version=&#8221;3.25&#8243; custom_padding=&#8221;|||&#8221; global_colors_info=&#8221;{}&#8221; custom_padding__hover=&#8221;|||&#8221;][et_pb_text admin_label=&#8221;AUDREY KAMGA&#8221; _builder_version=&#8221;4.14.7&#8243; background_size=&#8221;initial&#8221; background_position=&#8221;top_left&#8221; background_repeat=&#8221;repeat&#8221; use_border_color=&#8221;off&#8221; border_color=&#8221;#ffffff&#8221; border_style=&#8221;solid&#8221; global_colors_info=&#8221;{}&#8221;]<\/p>\n<h2>AUDREY KAMGA<\/h2>\n<h3>Media Expert, Sales Manager<\/h3>\n<h4>ARTE FRANCE (France)<\/h4>\n<p>Award-winning multilingual executive with in-depth knowledge and experience in most major television markets, including the Americas and EMEA, having successfully worked at ARTE France, one of Europe&#8217;s largest publicly-funded broadcasters, and has extensive experience in distribution of special documentaries, limited series, unscripted formats and factual entertainment, with expertise in sales, acquisitions, marketing and commercial affairs. An expert in television history and pop culture, she strongly believes in the importance of multiculturalism, diversity and inclusion, as well as a balanced approach between men and women both on and off screen.<\/p>\n<p>[\/et_pb_text][\/et_pb_column][\/et_pb_row][et_pb_row padding_mobile=&#8221;off&#8221; column_padding_mobile=&#8221;on&#8221; admin_label=&#8221;Fila&#8221; _builder_version=&#8221;3.25&#8243; background_size=&#8221;initial&#8221; background_position=&#8221;top_left&#8221; background_repeat=&#8221;repeat&#8221; make_fullwidth=&#8221;off&#8221; use_custom_width=&#8221;off&#8221; width_unit=&#8221;off&#8221; custom_width_px=&#8221;1080px&#8221; custom_width_percent=&#8221;80%&#8221; locked=&#8221;off&#8221; global_colors_info=&#8221;{}&#8221;][et_pb_column type=&#8221;4_4&#8243; _builder_version=&#8221;3.25&#8243; custom_padding=&#8221;|||&#8221; global_colors_info=&#8221;{}&#8221; custom_padding__hover=&#8221;|||&#8221;][et_pb_code disabled_on=&#8221;off|off|off&#8221; admin_label=&#8221;C\u00f3digo&#8221; global_colors_info=&#8221;{}&#8221;]<div class='cyp_separador' style='border:none !important'>\u00b7} {\u00b7 \u00b7} {\u00b7 \u00b7} {\u00b7 \u00b7} {\u00b7 \u00b7} {\u00b7 \u00b7} {\u00b7 \u00b7} {\u00b7 \u00b7} {\u00b7 \u00b7} {\u00b7 \u00b7} {\u00b7 \u00b7} {\u00b7 \u00b7} {\u00b7 \u00b7} {\u00b7 \u00b7} {\u00b7 \u00b7} {\u00b7 \u00b7} {\u00b7 \u00b7} {\u00b7 \u00b7} {\u00b7 \u00b7} {\u00b7 \u00b7} {\u00b7 \u00b7} {\u00b7 \u00b7} {\u00b7 \u00b7} {\u00b7 \u00b7} {\u00b7 \u00b7} {\u00b7 \u00b7} {\u00b7 \u00b7} {\u00b7 \u00b7} {\u00b7 \u00b7} {\u00b7 \u00b7} {\u00b7 \u00b7} {\u00b7 \u00b7} {\u00b7 \u00b7} {\u00b7 \u00b7} {\u00b7 \u00b7} {\u00b7 \u00b7} {\u00b7 \u00b7} {\u00b7 \u00b7} {\u00b7 \u00b7} {\u00b7 \u00b7} {\u00b7 \u00b7} {\u00b7 \u00b7} {\u00b7 \u00b7} {\u00b7 \u00b7} {\u00b7 \u00b7} {\u00b7 \u00b7} {\u00b7 \u00b7} {\u00b7 \u00b7} {\u00b7 \u00b7} {\u00b7 \u00b7} {\u00b7 <\/div>[\/et_pb_code][\/et_pb_column][\/et_pb_row][et_pb_row column_structure=&#8221;1_4,3_4&#8243; padding_mobile=&#8221;off&#8221; column_padding_mobile=&#8221;on&#8221; disabled_on=&#8221;off|off|off&#8221; admin_label=&#8221;Fila&#8221; module_class=&#8221;cyp_cf3_comite_perfil&#8221; _builder_version=&#8221;3.25&#8243; background_size=&#8221;initial&#8221; background_position=&#8221;top_left&#8221; background_repeat=&#8221;repeat&#8221; make_fullwidth=&#8221;off&#8221; use_custom_width=&#8221;off&#8221; width_unit=&#8221;on&#8221; custom_width_px=&#8221;1080px&#8221; custom_width_percent=&#8221;80%&#8221; locked=&#8221;off&#8221; global_colors_info=&#8221;{}&#8221;][et_pb_column type=&#8221;1_4&#8243; _builder_version=&#8221;3.25&#8243; custom_padding=&#8221;|||&#8221; global_colors_info=&#8221;{}&#8221; custom_padding__hover=&#8221;|||&#8221;][et_pb_image src=&#8221;https:\/\/www.eventconecta.com\/wp-content\/uploads\/2025\/04\/Foto-ana-1.jpeg&#8221; title_text=&#8221;Foto ana&#8221; align=&#8221;center&#8221; align_tablet=&#8221;center&#8221; align_phone=&#8221;center&#8221; align_last_edited=&#8221;on|desktop&#8221; disabled_on=&#8221;off|off|off&#8221; admin_label=&#8221;Imagen&#8221; _builder_version=&#8221;4.14.7&#8243; use_border_color=&#8221;off&#8221; border_color=&#8221;#ffffff&#8221; border_width=&#8221;1px&#8221; border_style=&#8221;solid&#8221; animation=&#8221;off&#8221; sticky=&#8221;off&#8221; always_center_on_mobile=&#8221;on&#8221; global_colors_info=&#8221;{}&#8221;]&nbsp;<br \/>\n[\/et_pb_image][\/et_pb_column][et_pb_column type=&#8221;3_4&#8243; _builder_version=&#8221;3.25&#8243; custom_padding=&#8221;|||&#8221; global_colors_info=&#8221;{}&#8221; custom_padding__hover=&#8221;|||&#8221;][et_pb_text disabled_on=&#8221;off|off|off&#8221; admin_label=&#8221;ANA MARIA LONDO\u00d1O&#8221; _builder_version=&#8221;4.14.7&#8243; background_size=&#8221;initial&#8221; background_position=&#8221;top_left&#8221; background_repeat=&#8221;repeat&#8221; use_border_color=&#8221;off&#8221; border_color=&#8221;#ffffff&#8221; border_style=&#8221;solid&#8221; global_colors_info=&#8221;{}&#8221;]<\/p>\n<h2>ANA MARIA LONDO\u00d1O<\/h2>\n<h3>HEAD OF FICTION<\/h3>\n<h4>ESTUDIOS RCN (Colombia)<\/h4>\n<p>Ana Mar\u00eda Londo\u00f1o is a lawyer from Universidad de los Andes and holds a Master&#8217;s degree in Written Journalism from Boston University. She is a creator, scriptwriter and story writer of series and telenovelas such as Juegos Prohibidos, El in\u00fatil, La baby sister, El aut\u00e9ntico Rodrigo Leal, Francisco el matem\u00e1tico, Juegos Prohibidos, Correo de inocentes, among others, adding 29 years of experience in the industry. She worked as a freelance writer from her content company, Primetime, where she developed stories for the Hispanic television industry and advised companies and individuals in the creation of content based on storytelling for business. She currently works as Head of Fiction at RCN Estudios, where she has accompanied and advised the development and production of highly recognized stories such as: Ana de Nadie, Rigo, Pa Quererte, Betty La Fea la historia contin\u00faa, the adaptation of Caf\u00e9 con Aroma de Mujer, Rigo (nominated for international Emmy awards), Manes and more.<\/p>\n<p>[\/et_pb_text][\/et_pb_column][\/et_pb_row][et_pb_row padding_mobile=&#8221;off&#8221; column_padding_mobile=&#8221;on&#8221; admin_label=&#8221;Fila&#8221; _builder_version=&#8221;3.25&#8243; background_size=&#8221;initial&#8221; background_position=&#8221;top_left&#8221; background_repeat=&#8221;repeat&#8221; make_fullwidth=&#8221;off&#8221; use_custom_width=&#8221;off&#8221; width_unit=&#8221;off&#8221; custom_width_px=&#8221;1080px&#8221; custom_width_percent=&#8221;80%&#8221; locked=&#8221;off&#8221; global_colors_info=&#8221;{}&#8221;][et_pb_column type=&#8221;4_4&#8243; _builder_version=&#8221;3.25&#8243; custom_padding=&#8221;|||&#8221; global_colors_info=&#8221;{}&#8221; custom_padding__hover=&#8221;|||&#8221;][et_pb_code disabled_on=&#8221;off|off|off&#8221; admin_label=&#8221;C\u00f3digo&#8221; global_colors_info=&#8221;{}&#8221;]<div class='cyp_separador' style='border:none !important'>\u00b7} {\u00b7 \u00b7} {\u00b7 \u00b7} {\u00b7 \u00b7} {\u00b7 \u00b7} {\u00b7 \u00b7} {\u00b7 \u00b7} {\u00b7 \u00b7} {\u00b7 \u00b7} {\u00b7 \u00b7} {\u00b7 \u00b7} {\u00b7 \u00b7} {\u00b7 \u00b7} {\u00b7 \u00b7} {\u00b7 \u00b7} {\u00b7 \u00b7} {\u00b7 \u00b7} {\u00b7 \u00b7} {\u00b7 \u00b7} {\u00b7 \u00b7} {\u00b7 \u00b7} {\u00b7 \u00b7} {\u00b7 \u00b7} {\u00b7 \u00b7} {\u00b7 \u00b7} {\u00b7 \u00b7} {\u00b7 \u00b7} {\u00b7 \u00b7} {\u00b7 \u00b7} {\u00b7 \u00b7} {\u00b7 \u00b7} {\u00b7 \u00b7} {\u00b7 \u00b7} {\u00b7 \u00b7} {\u00b7 \u00b7} {\u00b7 \u00b7} {\u00b7 \u00b7} {\u00b7 \u00b7} {\u00b7 \u00b7} {\u00b7 \u00b7} {\u00b7 \u00b7} {\u00b7 \u00b7} {\u00b7 \u00b7} {\u00b7 \u00b7} {\u00b7 \u00b7} {\u00b7 \u00b7} {\u00b7 \u00b7} {\u00b7 \u00b7} {\u00b7 \u00b7} {\u00b7 \u00b7} {\u00b7 <\/div>[\/et_pb_code][\/et_pb_column][\/et_pb_row][et_pb_row column_structure=&#8221;1_4,3_4&#8243; padding_mobile=&#8221;off&#8221; column_padding_mobile=&#8221;on&#8221; disabled_on=&#8221;off|off|off&#8221; admin_label=&#8221;Fila&#8221; module_class=&#8221;cyp_cf3_comite_perfil&#8221; _builder_version=&#8221;3.25&#8243; background_size=&#8221;initial&#8221; background_position=&#8221;top_left&#8221; background_repeat=&#8221;repeat&#8221; make_fullwidth=&#8221;off&#8221; use_custom_width=&#8221;off&#8221; width_unit=&#8221;on&#8221; custom_width_px=&#8221;1080px&#8221; custom_width_percent=&#8221;80%&#8221; locked=&#8221;off&#8221; global_colors_info=&#8221;{}&#8221;][et_pb_column type=&#8221;1_4&#8243; _builder_version=&#8221;3.25&#8243; custom_padding=&#8221;|||&#8221; global_colors_info=&#8221;{}&#8221; custom_padding__hover=&#8221;|||&#8221;][et_pb_image src=&#8221;https:\/\/www.eventconecta.com\/wp-content\/uploads\/2025\/04\/big-SergioMendozaDeTelemundo-bn.jpg&#8221; title_text=&#8221;big-SergioMendozaDeTelemundo bn&#8221; align=&#8221;center&#8221; align_tablet=&#8221;center&#8221; align_phone=&#8221;center&#8221; align_last_edited=&#8221;on|desktop&#8221; disabled_on=&#8221;off|off|off&#8221; admin_label=&#8221;Imagen&#8221; _builder_version=&#8221;4.14.7&#8243; use_border_color=&#8221;off&#8221; border_color=&#8221;#ffffff&#8221; border_width=&#8221;1px&#8221; border_style=&#8221;solid&#8221; animation=&#8221;off&#8221; sticky=&#8221;off&#8221; always_center_on_mobile=&#8221;on&#8221; global_colors_info=&#8221;{}&#8221;]&nbsp;<br \/>\n[\/et_pb_image][\/et_pb_column][et_pb_column type=&#8221;3_4&#8243; _builder_version=&#8221;3.25&#8243; custom_padding=&#8221;|||&#8221; global_colors_info=&#8221;{}&#8221; custom_padding__hover=&#8221;|||&#8221;][et_pb_text disabled_on=&#8221;off|off|off&#8221; admin_label=&#8221;SERGIO MENDOZA&#8221; _builder_version=&#8221;4.14.7&#8243; background_size=&#8221;initial&#8221; background_position=&#8221;top_left&#8221; background_repeat=&#8221;repeat&#8221; use_border_color=&#8221;off&#8221; border_color=&#8221;#ffffff&#8221; border_style=&#8221;solid&#8221; global_colors_info=&#8221;{}&#8221;]<\/p>\n<h2>SERGIO MENDOZA<\/h2>\n<h3>VP of Scripted Development<\/h3>\n<h4>TELEMUNDO STUDIOS (USA)<\/h4>\n<p>Sergio Mendoza is an executive and scriptwriter with extensive experience in series and telenovelas, and has played a key role as Vice President of Script Development at Telemundo Studios, leading development, production, strategic vision and collaborative work with diverse teams. Among his most notable achievements is the creation of the telenovela Vuelve a M\u00ed, which achieved notable success in the U.S. Hispanic market, as well as in Spain and Mexico. As a writer, he contributed his talent to Mariposa de Barrio, a bioseries nominated for an International Emmy in the category of Non-English Language U.S Primetime Program. In addition, he played a key role in the supervision of Buscando a Frida and La suerte de Loli, both also recognized with nominations in the same category, thus consolidating his reputation as a reference in the Spanish-language content industry.<\/p>\n<p>[\/et_pb_text][\/et_pb_column][\/et_pb_row][et_pb_row padding_mobile=&#8221;off&#8221; column_padding_mobile=&#8221;on&#8221; admin_label=&#8221;Fila&#8221; _builder_version=&#8221;3.25&#8243; background_size=&#8221;initial&#8221; background_position=&#8221;top_left&#8221; background_repeat=&#8221;repeat&#8221; make_fullwidth=&#8221;off&#8221; use_custom_width=&#8221;off&#8221; width_unit=&#8221;off&#8221; custom_width_px=&#8221;1080px&#8221; custom_width_percent=&#8221;80%&#8221; locked=&#8221;off&#8221; global_colors_info=&#8221;{}&#8221;][et_pb_column type=&#8221;4_4&#8243; _builder_version=&#8221;3.25&#8243; custom_padding=&#8221;|||&#8221; global_colors_info=&#8221;{}&#8221; custom_padding__hover=&#8221;|||&#8221;][et_pb_code disabled_on=&#8221;off|off|off&#8221; admin_label=&#8221;C\u00f3digo&#8221; global_colors_info=&#8221;{}&#8221;]<div class='cyp_separador' style='border:none !important'>\u00b7} {\u00b7 \u00b7} {\u00b7 \u00b7} {\u00b7 \u00b7} {\u00b7 \u00b7} {\u00b7 \u00b7} {\u00b7 \u00b7} {\u00b7 \u00b7} {\u00b7 \u00b7} {\u00b7 \u00b7} {\u00b7 \u00b7} {\u00b7 \u00b7} {\u00b7 \u00b7} {\u00b7 \u00b7} {\u00b7 \u00b7} {\u00b7 \u00b7} {\u00b7 \u00b7} {\u00b7 \u00b7} {\u00b7 \u00b7} {\u00b7 \u00b7} {\u00b7 \u00b7} {\u00b7 \u00b7} {\u00b7 \u00b7} {\u00b7 \u00b7} {\u00b7 \u00b7} {\u00b7 \u00b7} {\u00b7 \u00b7} {\u00b7 \u00b7} {\u00b7 \u00b7} {\u00b7 \u00b7} {\u00b7 \u00b7} {\u00b7 \u00b7} {\u00b7 \u00b7} {\u00b7 \u00b7} {\u00b7 \u00b7} {\u00b7 \u00b7} {\u00b7 \u00b7} {\u00b7 \u00b7} {\u00b7 \u00b7} {\u00b7 \u00b7} {\u00b7 \u00b7} {\u00b7 \u00b7} {\u00b7 \u00b7} {\u00b7 \u00b7} {\u00b7 \u00b7} {\u00b7 \u00b7} {\u00b7 \u00b7} {\u00b7 \u00b7} {\u00b7 \u00b7} {\u00b7 \u00b7} {\u00b7 <\/div>[\/et_pb_code][\/et_pb_column][\/et_pb_row][et_pb_row column_structure=&#8221;1_4,3_4&#8243; padding_mobile=&#8221;off&#8221; column_padding_mobile=&#8221;on&#8221; disabled_on=&#8221;off|off|off&#8221; admin_label=&#8221;Fila&#8221; module_class=&#8221;cyp_cf3_comite_perfil&#8221; _builder_version=&#8221;3.25&#8243; background_size=&#8221;initial&#8221; background_position=&#8221;top_left&#8221; background_repeat=&#8221;repeat&#8221; make_fullwidth=&#8221;off&#8221; use_custom_width=&#8221;off&#8221; width_unit=&#8221;on&#8221; custom_width_px=&#8221;1080px&#8221; custom_width_percent=&#8221;80%&#8221; locked=&#8221;off&#8221; global_colors_info=&#8221;{}&#8221;][et_pb_column type=&#8221;1_4&#8243; _builder_version=&#8221;3.25&#8243; custom_padding=&#8221;|||&#8221; global_colors_info=&#8221;{}&#8221; custom_padding__hover=&#8221;|||&#8221;][et_pb_image src=&#8221;https:\/\/www.eventconecta.com\/wp-content\/uploads\/2025\/04\/Foto-Mariana-Perez-2.jpg&#8221; title_text=&#8221;Foto Mariana Perez 2&#8243; align=&#8221;center&#8221; align_tablet=&#8221;center&#8221; align_phone=&#8221;center&#8221; align_last_edited=&#8221;on|desktop&#8221; disabled_on=&#8221;off|off|off&#8221; admin_label=&#8221;Imagen&#8221; _builder_version=&#8221;4.14.7&#8243; use_border_color=&#8221;off&#8221; border_color=&#8221;#ffffff&#8221; border_width=&#8221;1px&#8221; border_style=&#8221;solid&#8221; animation=&#8221;off&#8221; sticky=&#8221;off&#8221; always_center_on_mobile=&#8221;on&#8221; global_colors_info=&#8221;{}&#8221;]&nbsp;<br \/>\n[\/et_pb_image][\/et_pb_column][et_pb_column type=&#8221;3_4&#8243; _builder_version=&#8221;3.25&#8243; custom_padding=&#8221;|||&#8221; global_colors_info=&#8221;{}&#8221; custom_padding__hover=&#8221;|||&#8221;][et_pb_text disabled_on=&#8221;off|off|off&#8221; admin_label=&#8221;MARIANA PEREZ&#8221; _builder_version=&#8221;4.14.7&#8243; background_size=&#8221;initial&#8221; background_position=&#8221;top_left&#8221; background_repeat=&#8221;repeat&#8221; use_border_color=&#8221;off&#8221; border_color=&#8221;#ffffff&#8221; border_style=&#8221;solid&#8221; global_colors_info=&#8221;{}&#8221;]<\/p>\n<h2>MARIANA PEREZ<\/h2>\n<h3>HEAD OF GENERAL ENTERTAINMENT<\/h3>\n<h4>THE WALT DISNEY COMPANY LATIN AMERICA (Argentina)<\/h4>\n<p>Mariana currently serves as Head of General Entertainment for The Walt Disney Company Latin America, playing a key role in leading the company&#8217;s General Entertainment content production. Previously, she served as SVP of Development and Production at FOX Networks Group Latin America (FNG Latin America), and was responsible for scripted and non-scripted entertainment productions for FOX in the region. Perez joined FNG Latin America in 2007 as Online Director, responsible for the content strategies of the group&#8217;s online sites and the start up and content development of the Biensimple.com\/Bemsimples.com sites. Later, she was promoted to General Manager of Fox Toma1 production company and was in charge of FOX Life&#8217;s strategic content decision making and programming across all its feeds. Prior to joining the company, Perez was Marketing Manager at Rock &amp; Pop&#8217;s CIE group. Her first steps were as a content producer at Canal 7, Telef\u00e9 and Am\u00e9rica TV.<\/p>\n<p>[\/et_pb_text][\/et_pb_column][\/et_pb_row][et_pb_row padding_mobile=&#8221;off&#8221; column_padding_mobile=&#8221;on&#8221; admin_label=&#8221;Fila&#8221; _builder_version=&#8221;3.25&#8243; background_size=&#8221;initial&#8221; background_position=&#8221;top_left&#8221; background_repeat=&#8221;repeat&#8221; make_fullwidth=&#8221;off&#8221; use_custom_width=&#8221;off&#8221; width_unit=&#8221;off&#8221; custom_width_px=&#8221;1080px&#8221; custom_width_percent=&#8221;80%&#8221; locked=&#8221;off&#8221; global_colors_info=&#8221;{}&#8221;][et_pb_column type=&#8221;4_4&#8243; _builder_version=&#8221;3.25&#8243; custom_padding=&#8221;|||&#8221; global_colors_info=&#8221;{}&#8221; custom_padding__hover=&#8221;|||&#8221;][et_pb_code disabled_on=&#8221;off|off|off&#8221; admin_label=&#8221;C\u00f3digo&#8221; global_colors_info=&#8221;{}&#8221;]<div class='cyp_separador' style='border:none !important'>\u00b7} {\u00b7 \u00b7} {\u00b7 \u00b7} {\u00b7 \u00b7} {\u00b7 \u00b7} {\u00b7 \u00b7} {\u00b7 \u00b7} {\u00b7 \u00b7} {\u00b7 \u00b7} {\u00b7 \u00b7} {\u00b7 \u00b7} {\u00b7 \u00b7} {\u00b7 \u00b7} {\u00b7 \u00b7} {\u00b7 \u00b7} {\u00b7 \u00b7} {\u00b7 \u00b7} {\u00b7 \u00b7} {\u00b7 \u00b7} {\u00b7 \u00b7} {\u00b7 \u00b7} {\u00b7 \u00b7} {\u00b7 \u00b7} {\u00b7 \u00b7} {\u00b7 \u00b7} {\u00b7 \u00b7} {\u00b7 \u00b7} {\u00b7 \u00b7} {\u00b7 \u00b7} {\u00b7 \u00b7} {\u00b7 \u00b7} {\u00b7 \u00b7} {\u00b7 \u00b7} {\u00b7 \u00b7} {\u00b7 \u00b7} {\u00b7 \u00b7} {\u00b7 \u00b7} {\u00b7 \u00b7} {\u00b7 \u00b7} {\u00b7 \u00b7} {\u00b7 \u00b7} {\u00b7 \u00b7} {\u00b7 \u00b7} {\u00b7 \u00b7} {\u00b7 \u00b7} {\u00b7 \u00b7} {\u00b7 \u00b7} {\u00b7 \u00b7} {\u00b7 \u00b7} {\u00b7 \u00b7} {\u00b7 <\/div>[\/et_pb_code][\/et_pb_column][\/et_pb_row][et_pb_row column_structure=&#8221;1_4,3_4&#8243; padding_mobile=&#8221;off&#8221; column_padding_mobile=&#8221;on&#8221; disabled_on=&#8221;off|off|off&#8221; admin_label=&#8221;Fila&#8221; module_class=&#8221;cyp_cf3_comite_perfil&#8221; _builder_version=&#8221;3.25&#8243; background_size=&#8221;initial&#8221; background_position=&#8221;top_left&#8221; background_repeat=&#8221;repeat&#8221; make_fullwidth=&#8221;off&#8221; use_custom_width=&#8221;off&#8221; width_unit=&#8221;on&#8221; custom_width_px=&#8221;1080px&#8221; custom_width_percent=&#8221;80%&#8221; locked=&#8221;off&#8221; global_colors_info=&#8221;{}&#8221;][et_pb_column type=&#8221;1_4&#8243; _builder_version=&#8221;3.25&#8243; custom_padding=&#8221;|||&#8221; global_colors_info=&#8221;{}&#8221; custom_padding__hover=&#8221;|||&#8221;][et_pb_image src=&#8221;https:\/\/www.eventconecta.com\/wp-content\/uploads\/2024\/04\/Diego-Ramirez_BW.png&#8221; title_text=&#8221;Diego Ram\u00edrez_BW&#8221; align_tablet=&#8221;center&#8221; align_phone=&#8221;center&#8221; align_last_edited=&#8221;on|desktop&#8221; disabled_on=&#8221;off|off|off&#8221; admin_label=&#8221;Imagen&#8221; _builder_version=&#8221;4.14.7&#8243; use_border_color=&#8221;off&#8221; border_color=&#8221;#ffffff&#8221; border_width=&#8221;1px&#8221; border_style=&#8221;solid&#8221; animation=&#8221;off&#8221; sticky=&#8221;off&#8221; always_center_on_mobile=&#8221;on&#8221; global_colors_info=&#8221;{}&#8221;]&nbsp;<br \/>\n[\/et_pb_image][\/et_pb_column][et_pb_column type=&#8221;3_4&#8243; _builder_version=&#8221;3.25&#8243; custom_padding=&#8221;|||&#8221; global_colors_info=&#8221;{}&#8221; custom_padding__hover=&#8221;|||&#8221;][et_pb_text disabled_on=&#8221;off|off|off&#8221; admin_label=&#8221;DIEGO RAMIREZ SCHREMPP&#8221; _builder_version=&#8221;4.14.7&#8243; background_size=&#8221;initial&#8221; background_position=&#8221;top_left&#8221; background_repeat=&#8221;repeat&#8221; use_border_color=&#8221;off&#8221; border_style=&#8221;solid&#8221; global_colors_info=&#8221;{}&#8221;]<\/p>\n<h2>DIEGO RAMIREZ SCHREMPP<\/h2>\n<h3>EXECUTIVE PRODUCER AND PARTNER<\/h3>\n<h4>DYNAMO (Colombia &#8211; Mexico &#8211; Spain)<\/h4>\n<p>Diego has established himself as one of the most important producers in Colombia and Latin America. He was executive producer on Falco, winner of an International Emmy award in 2019. In addition, he was co-creator and showrunner on Green Frontier, one of Colombia\u2019s first original series for Netflix. He was also a production supervisor on the renowned Narcos, one of the most-watched shows in the world. In 2023 La Cabeza de Joaqu\u00edn Murrieta premiered on Prime Video, a series where he also was co-creator and showrunner. Diego is an executive producer on One Hundred Years of Solitude for Netflix, the biggest show ever made in LATAM and he currently is working on new premium shows for Netflix, Amazon, Apple and Vix among others.<\/p>\n<p>[\/et_pb_text][\/et_pb_column][\/et_pb_row][et_pb_row padding_mobile=&#8221;off&#8221; column_padding_mobile=&#8221;on&#8221; admin_label=&#8221;Fila&#8221; _builder_version=&#8221;3.25&#8243; background_size=&#8221;initial&#8221; background_position=&#8221;top_left&#8221; background_repeat=&#8221;repeat&#8221; make_fullwidth=&#8221;off&#8221; use_custom_width=&#8221;off&#8221; width_unit=&#8221;off&#8221; custom_width_px=&#8221;1080px&#8221; custom_width_percent=&#8221;80%&#8221; locked=&#8221;off&#8221; global_colors_info=&#8221;{}&#8221;][et_pb_column type=&#8221;4_4&#8243; _builder_version=&#8221;3.25&#8243; custom_padding=&#8221;|||&#8221; global_colors_info=&#8221;{}&#8221; custom_padding__hover=&#8221;|||&#8221;][et_pb_code disabled_on=&#8221;off|off|off&#8221; admin_label=&#8221;C\u00f3digo&#8221; global_colors_info=&#8221;{}&#8221;]<div class='cyp_separador' style='border:none !important'>\u00b7} {\u00b7 \u00b7} {\u00b7 \u00b7} {\u00b7 \u00b7} {\u00b7 \u00b7} {\u00b7 \u00b7} {\u00b7 \u00b7} {\u00b7 \u00b7} {\u00b7 \u00b7} {\u00b7 \u00b7} {\u00b7 \u00b7} {\u00b7 \u00b7} {\u00b7 \u00b7} {\u00b7 \u00b7} {\u00b7 \u00b7} {\u00b7 \u00b7} {\u00b7 \u00b7} {\u00b7 \u00b7} {\u00b7 \u00b7} {\u00b7 \u00b7} {\u00b7 \u00b7} {\u00b7 \u00b7} {\u00b7 \u00b7} {\u00b7 \u00b7} {\u00b7 \u00b7} {\u00b7 \u00b7} {\u00b7 \u00b7} {\u00b7 \u00b7} {\u00b7 \u00b7} {\u00b7 \u00b7} {\u00b7 \u00b7} {\u00b7 \u00b7} {\u00b7 \u00b7} {\u00b7 \u00b7} {\u00b7 \u00b7} {\u00b7 \u00b7} {\u00b7 \u00b7} {\u00b7 \u00b7} {\u00b7 \u00b7} {\u00b7 \u00b7} {\u00b7 \u00b7} {\u00b7 \u00b7} {\u00b7 \u00b7} {\u00b7 \u00b7} {\u00b7 \u00b7} {\u00b7 \u00b7} {\u00b7 \u00b7} {\u00b7 \u00b7} {\u00b7 \u00b7} {\u00b7 \u00b7} {\u00b7 <\/div>[\/et_pb_code][\/et_pb_column][\/et_pb_row][\/et_pb_section]<\/p>\n","protected":false},"excerpt":{"rendered":"<p>\u00b7} EDITORIAL COMMITTEE DRAMA SERIES {\u00b7The Pitch Drama Series Editorial Committee in Conecta Magaluf-Mallorca comprises seasoned professionals and senior executives from the audiovisual industry in both Europe and America. They meticulously assess the international series submissions received in our call for projects. From the pool of entries, they will carefully curate a selection of 5 [&hellip;]<\/p>\n","protected":false},"author":1,"featured_media":0,"parent":0,"menu_order":0,"comment_status":"closed","ping_status":"closed","template":"","meta":{"_et_pb_use_builder":"on","_et_pb_old_content":"","_et_gb_content_width":"","footnotes":""},"class_list":["post-47768","page","type-page","status-publish","hentry"],"rankMath":{"parentDomain":"eventconecta.com","noFollowDomains":[],"noFollowExcludeDomains":[],"noFollowExternalLinks":false,"featuredImageNotice":"The featured image should be at least 200 by 200 pixels to be picked up by Facebook and other social media sites.","pluginReviewed":false,"postSettings":{"linkSuggestions":true,"useFocusKeyword":false},"frontEndScore":false,"postName":"editorial-committe-drama-series","permalinkFormat":"https:\/\/www.eventconecta.com\/en\/%pagename%\/","showLockModifiedDate":true,"assessor":{"focusKeywordLink":"https:\/\/www.eventconecta.com\/wp-admin\/edit.php?focus_keyword=%focus_keyword%&post_type=%post_type%","hasTOCPlugin":false,"primaryTaxonomy":false,"serpData":{"title":"","description":"Discover the Editorial Committee who will review and select the 10 Pitch Drama Series  projects for the 2024 edition","focusKeywords":"Editorial,committee,copro,series","pillarContent":false,"canonicalUrl":"","breadcrumbTitle":"","advancedRobots":{"max-snippet":"-1","max-video-preview":"-1","max-image-preview":"large"},"facebookTitle":"","facebookDescription":"","facebookImage":"","facebookImageID":"","facebookHasOverlay":false,"facebookImageOverlay":"","facebookAuthor":"","twitterCardType":"","twitterUseFacebook":true,"twitterTitle":"","twitterDescription":"","twitterImage":"","twitterImageID":"","twitterHasOverlay":false,"twitterImageOverlay":"","twitterPlayerUrl":"","twitterPlayerSize":"","twitterPlayerStream":"","twitterPlayerStreamCtype":"","twitterAppDescription":"","twitterAppIphoneName":"","twitterAppIphoneID":"","twitterAppIphoneUrl":"","twitterAppIpadName":"","twitterAppIpadID":"","twitterAppIpadUrl":"","twitterAppGoogleplayName":"","twitterAppGoogleplayID":"","twitterAppGoogleplayUrl":"","twitterAppCountry":"","robots":{"index":true},"twitterAuthor":"mpena@insidecontent.tv","primaryTerm":0,"authorName":"admin_divi","titleTemplate":"%title% %page% %sep% %sitename%","descriptionTemplate":"%excerpt%","showScoreFrontend":true,"lockModifiedDate":false},"powerWords":["a cut above","absolute","absolutely","absolutely lowest","absurd","abuse","accurate","accuse","achieve","actionable","adaptable","adequate","admit","adorable","advantage","advice","affordable","aggravate","aggressive","agitated","agonizing","agony","alarmed","alarming","alienated","aligned","alive","all-inclusive","alluring","always","amazing","amp","animated","annihilate","announcing","anonymous","antagonistic","anxious","apocalypse","appalled","approved","approving","argumentative","armageddon","arrogant","ass kicking","assault","assured","astonishing","astounded","astounding","at ease","atrocious","attack","attractive","audacity","authentic","authoritative","authority","avoid","aware","awe-inspiring","awesome","awkward","backbone","backdoor","backed","backlash","backstabbing","badass","balanced","banned","bargain","barrage","basic","battle","beaming","beat down","beating","beautiful","beauty","begging","behind the scenes","belief","belong","best","best-selling","better","beware","big","billion","black market","blacklisted","blast","blessed","blinded","blissful","blood","bloodbath","bloodcurdling","bloody","blunder","blushing","bold","bomb","bona","bona fide","bonanza","bonus","bootleg","bottom line","bountiful","brave","bravery","brazen","break","breaking","breakthrough","breathtaking","bright","brilliant","broke","brutal","budget","buffoon","bullshit","bully","bumbling","buy","cadaver","calm","cancel anytime","capable","captivate","captivating","carefree","case study","cash","cataclysmic","catapult","catastrophe","caution","censored","centered","certain","certainly","certified","challenge","charming","cheap","cheat","cheat-sheet","cheer","cheerful","child-like","clarity","classified","clear","clueless","collapse","colorful","colossal","comfortable","compare","competitive","complete","completely","completeness","comprehensive","compromise","compulsive","concealed","conclusive","condemning","condescending","confess","confession","confessions","confident","confidential","conquer","conscientious","constructive","content","contrary","controlling","controversial","convenient","convert","cool","cooperative","copy","corpse","corrupt","corrupting","courage","courageous","cover-up","covert","coward","cowardly","crammed","crave","crazy","create","creative","cringeworthy","cripple","crisis","critical","crooked","crush","crushing","damaging","danger","dangerous","daring","dazzling","dead","deadline","deadly","death","decadent","deceived","deceptive","deep","defiance","definitely","definitive","defying","dejected","delicious","delight","delighted","delightful","delirious","delivered","demoralizing","deplorable","depraved","desire","desperate","despicable","destiny","destroy","detailed","devastating","devoted","diagnosed","direct","dirty","disadvantages","disastrous","discount","discover","disdainful","disempowered","disgusted","disgusting","dishonest","disillusioned","disoriented","distracted","distraught","distressed","distrustful","divulge","document","dollar","dominate","doomed","double","doubtful","download","dreadful","dreamy","drive","drowning","dumb","dynamic","eager","earnest","easily","easy","economical","ecstatic","edge","effective","efficient","effortless","elated","eliminate","elite","embarrass","embarrassed","embarrassing","emergency","emerging","emphasize","empowered","enchant","encouraged","endorsed","energetic","energy","enormous","enraged","enthusiastic","envy","epic","epidemic","essential","ethical","euphoric","evil","exactly","exasperated","excellent","excited","excitement","exciting","exclusive","exclusivity","excruciating","exhilarated","expensive","expert","explode","exploit","explosive","exposed","exquisite","extra","extraordinary","extremely","exuberant","eye-opening","fail","fail-proof","failure","faith","famous","fantasy","fascinating","fatigued","faux","faux pas","fearless","feast","feeble","festive","fide","fierce","fight","final","fine","fired","first","first ever","flirt","fluid","focus","focused","fool","fooled","foolish","forbidden","force-fed","forever","forgiving","forgotten","formula","fortune","foul","frantic","free","freebie","freedom","frenzied","frenzy","frightening","frisky","frugal","frustrated","fulfill","fulfilled","full","fully","fun","fun-loving","fundamentals","funniest","funny","furious","gambling","gargantuan","genius","genuine","gift","gigantic","giveaway","glamorous","gleeful","glorious","glowing","goddamn","gorgeous","graceful","grateful","gratified","gravity","great","greatest","greatness","greed","greedy","gripping","grit","grounded","growth","guaranteed","guilt","guilt-free","gullible","guts","hack","happiness","happy","harmful","harsh","hate","have you heard","havoc","hazardous","healthy","heart","heartbreaking","heartwarming","heavenly","hell","helpful","helplessness","hero","hesitant","hidden","high tech","highest","highly effective","hilarious","hoak","hoax","honest","honored","hope","hopeful","horribly","horrific","horrifying","horror","hostile","how to","huge","humility","humor","hurricane","hurry","hypnotic","idiot","ignite","illegal","illusive","imagination","immediately","imminently","impatience","impatient","impenetrable","important","impressive","improved","in the zone","incapable","incapacitated","incompetent","inconsiderate","increase","incredible","indecisive","indulgence","indulgent","inexpensive","inferior","informative","infuriated","ingredients","innocent","innovative","insane","insecure","insider","insidious","inspired","inspiring","instant savings","instantly","instructive","insult","intel","intelligent","intense","interesting","intriguing","introducing","invasion","investment","iron-clad","ironclad","irresistible","irs","is here","jackpot","jail","jaw-dropping","jealous","jeopardy","jittery","jovial","joyous","jubilant","judgmental","jumpstart","just arrived","keen","kickass","kickstart","kill","killed","killing","kills","know it all","lame","largest","lascivious","last","last chance","last minute","latest","laugh","laughing","launch","launching","lavishly","lawsuit","lazy","left behind","legendary","legitimate","liberal","liberated","lick","lies","life-changing","lifetime","light","lighthearted","likely","limited","literally","little-known","loathsome","lonely","looming","loser","lost","love","lucrative","lunatic","lurking","lust","luxurious","luxury","lying","magic","magical","magnificent","mainstream","malicious","mammoth","manipulative","marked down","massive","master","masterclass","maul","mediocre","meditative","meltdown","memorability","memorable","menacing","mesmerizing","meticulous","mind-blowing","minimalist","miracle","mired","mischievous","misgiving","missing out","mistake","monetize","money","moneyback","moneygrubbing","monumental","most important","motivated","mouth-watering","murder","mystery","nail","naked","natural","naughty","nazi","nest egg","never","new","nightmare","no good","no obligation","no one talks about","no questions asked","no risk","no strings attached","non-controlling","noted","novelty","now","obnoxious","obsessed","obsession","obvious","odd","off-kilter","off-limits","off-the record","offensive","official","okay","on-demand","open-minded","opportunities","optimistic","ordeal","outlawed","outrageousness","outstanding","overcome","overjoyed","overnight","overwhelmed","packed","painful","painless","painstaking","pale","panic","panicked","paralyzed","pas","passionate","pathetic","pay zero","payback","perfect","peril","perplexed","perspective","pessimistic","pioneering","piranha","pitfall","pitiful","placid","plague","played","playful","pleased","pluck","plummet","plunge","poison","poisonous","polarizing","poor","popular","portfolio","pound","powerful","powerless","practical","preposterous","prestige","price","priceless","pride","prison","privacy","private","privileged","prize","problem","productive","professional","profit","profitable","profound","promiscuous","promising","promote","protect","protected","proven","provocative","provoke","psychological","pummel","punch","punish","pus","quadruple","quality","quarrelsome","quick","quick-start","quickly","quiet","radiant","rare","ravenous","rebellious","recession-proof","reckoning","recognized","recommend","recreate","reduced","reflective","refugee","refund","refundable","reject","relaxed","release","relentless","reliable","remarkable","replicate","report","reprimanding","repulsed","repulsive","research","resentful","resourceful","responsible","responsive","rested","restricted","results","retaliating","reveal","revealing","revenge","revengeful","revisited","revolting","revolutionary","reward","rich","ridiculous","risky","riveting","rookie","rowdy","ruin","rules","ruthless","sabotaging","sacred","sadistic","sadly","sadness","safe","safety","sale","sampler","sarcastic","satisfied","savage","savagery","save","savings","savvy","scam","scandal","scandalous","scarce","scared","scary","scornful","scream","searing","secret","secret agenda","secret plot","secrets","secure","security","seductive","seething","seize","selected","self-hating","self-sufficient","sensational","senseless","sensual","serene","seriously","severe","sex","sexy","shaking","shameful","shameless","shaming","shatter","shellacking","shocking","should","shrewd","sick and tired","signs","silly","simple","simplicity","simplified","simplistic","sincere","sinful","sins","six-figure","sizable","sizzle","sizzled","sizzles","sizzling","sizzlingly","skill","skyrocket","slaughter","slave","sleazy","sleeping","sly","smash","smiling","smug","smuggle","smuggled","sneak-peek","sneaky","sniveling","snob","snooty","snotty","soar","soaring","solid","solution","spank","special","spectacular","speedy","spell-binding","spine","spirit","spirited","spiteful","spoiler","spontaneous","spotlight","spunky","squirming","stable","staggering","startling","steady","steal","stealthy","steamy","step-by-step","still","stoic","stop","strange","strangle","strategy","stressed","strong","strongly suggest","struggle","stuck up","studies","stunning","stupid","stupid-simple","sturdy","sublime","succeed","success","successful","suck","suddenly","suffer","sunny","super","super-human","superb","supercharge","superior","supported","supportive","sure","sure fire","surefire","surge","surging","surprise","surprised","surprising","survival","survive","suspicious","sweaty","swoon","swoon-worthy","tailspin","tank","tantalizing","targeted","tawdry","tease","technology","teetering","tempting","tenacious","tense","terrible","terrific","terrified","terrifying","terror","terrorist","tested","thankful","the truth","threaten","threatened","thrilled","thrilling","thug","ticked off","tickled","timely","today","torture","toxic","track record","trade secret","tragedy","tragic","transform","transparency","trap","trapped","trauma","traumatized","treacherous","treasure","tremendous","trend","tricks","triggers","triple","triumph","truly","trusting","trustworthy","truth","truthful","turbo-charge","turbocharges","tweaks","twitching","ultimate","unadulterated","unassuming","unauthorized","unbelievable","unburdened","uncaring","uncensored","uncertain","uncomfortable","unconditional","uncontrollable","unconventional","uncovered","undeniable","under priced","undercover","underground","underhanded","underused","unexpected","unforgettable","unheard of","unhurried","uninterested","unique","unjustified","unknowingly","unleashed","unlimited","unlock","unparalleled","unpopular","unreliable","unresponsive","unseen","unstable","unstoppable","unsure","unsurpassed","untapped","unusual","up-sell","upbeat","uplifted","uplifting","urge","urgent","useful","useless","validate","valor","valuable","value","vanquish","vaporize","venomous","verify","vibrant","vicious","victim","victory","vigorous","vilified","vindictive","violated","violent","volatile","vulnerable","waiting","wanted","wanton","warning","waste","weak","wealth","weird","what no one tells you","whip","whopping","wicked","wild","willpower","withheld","wonderful","wondrous","woozy","world","worry","worst","worthwhile","wounded","wreaking","youthful","zen","zinger"],"diacritics":{"A":"[\\u0041\\u24B6\\uFF21\\u00C0\\u00C1\\u00C2\\u1EA6\\u1EA4\\u1EAA\\u1EA8\\u00C3\\u0100\\u0102\\u1EB0\\u1EAE\\u1EB4\\u1EB2\\u0226\\u01E0\\u00C4\\u01DE\\u1EA2\\u00C5\\u01FA\\u01CD\\u0200\\u0202\\u1EA0\\u1EAC\\u1EB6\\u1E00\\u0104\\u023A\\u2C6F]","AA":"[\\uA732]","AE":"[\\u00C6\\u01FC\\u01E2]","AO":"[\\uA734]","AU":"[\\uA736]","AV":"[\\uA738\\uA73A]","AY":"[\\uA73C]","B":"[\\u0042\\u24B7\\uFF22\\u1E02\\u1E04\\u1E06\\u0243\\u0182\\u0181]","C":"[\\u0043\\u24B8\\uFF23\\u0106\\u0108\\u010A\\u010C\\u00C7\\u1E08\\u0187\\u023B\\uA73E]","D":"[\\u0044\\u24B9\\uFF24\\u1E0A\\u010E\\u1E0C\\u1E10\\u1E12\\u1E0E\\u0110\\u018B\\u018A\\u0189\\uA779]","DZ":"[\\u01F1\\u01C4]","Dz":"[\\u01F2\\u01C5]","E":"[\\u0045\\u24BA\\uFF25\\u00C8\\u00C9\\u00CA\\u1EC0\\u1EBE\\u1EC4\\u1EC2\\u1EBC\\u0112\\u1E14\\u1E16\\u0114\\u0116\\u00CB\\u1EBA\\u011A\\u0204\\u0206\\u1EB8\\u1EC6\\u0228\\u1E1C\\u0118\\u1E18\\u1E1A\\u0190\\u018E]","F":"[\\u0046\\u24BB\\uFF26\\u1E1E\\u0191\\uA77B]","G":"[\\u0047\\u24BC\\uFF27\\u01F4\\u011C\\u1E20\\u011E\\u0120\\u01E6\\u0122\\u01E4\\u0193\\uA7A0\\uA77D\\uA77E]","H":"[\\u0048\\u24BD\\uFF28\\u0124\\u1E22\\u1E26\\u021E\\u1E24\\u1E28\\u1E2A\\u0126\\u2C67\\u2C75\\uA78D]","I":"[\\u0049\\u24BE\\uFF29\\u00CC\\u00CD\\u00CE\\u0128\\u012A\\u012C\\u0130\\u00CF\\u1E2E\\u1EC8\\u01CF\\u0208\\u020A\\u1ECA\\u012E\\u1E2C\\u0197]","J":"[\\u004A\\u24BF\\uFF2A\\u0134\\u0248]","K":"[\\u004B\\u24C0\\uFF2B\\u1E30\\u01E8\\u1E32\\u0136\\u1E34\\u0198\\u2C69\\uA740\\uA742\\uA744\\uA7A2]","L":"[\\u004C\\u24C1\\uFF2C\\u013F\\u0139\\u013D\\u1E36\\u1E38\\u013B\\u1E3C\\u1E3A\\u0141\\u023D\\u2C62\\u2C60\\uA748\\uA746\\uA780]","LJ":"[\\u01C7]","Lj":"[\\u01C8]","M":"[\\u004D\\u24C2\\uFF2D\\u1E3E\\u1E40\\u1E42\\u2C6E\\u019C]","N":"[\\u004E\\u24C3\\uFF2E\\u01F8\\u0143\\u00D1\\u1E44\\u0147\\u1E46\\u0145\\u1E4A\\u1E48\\u0220\\u019D\\uA790\\uA7A4]","NJ":"[\\u01CA]","Nj":"[\\u01CB]","O":"[\\u004F\\u24C4\\uFF2F\\u00D2\\u00D3\\u00D4\\u1ED2\\u1ED0\\u1ED6\\u1ED4\\u00D5\\u1E4C\\u022C\\u1E4E\\u014C\\u1E50\\u1E52\\u014E\\u022E\\u0230\\u00D6\\u022A\\u1ECE\\u0150\\u01D1\\u020C\\u020E\\u01A0\\u1EDC\\u1EDA\\u1EE0\\u1EDE\\u1EE2\\u1ECC\\u1ED8\\u01EA\\u01EC\\u00D8\\u01FE\\u0186\\u019F\\uA74A\\uA74C]","OI":"[\\u01A2]","OO":"[\\uA74E]","OU":"[\\u0222]","P":"[\\u0050\\u24C5\\uFF30\\u1E54\\u1E56\\u01A4\\u2C63\\uA750\\uA752\\uA754]","Q":"[\\u0051\\u24C6\\uFF31\\uA756\\uA758\\u024A]","R":"[\\u0052\\u24C7\\uFF32\\u0154\\u1E58\\u0158\\u0210\\u0212\\u1E5A\\u1E5C\\u0156\\u1E5E\\u024C\\u2C64\\uA75A\\uA7A6\\uA782]","S":"[\\u0053\\u24C8\\uFF33\\u1E9E\\u015A\\u1E64\\u015C\\u1E60\\u0160\\u1E66\\u1E62\\u1E68\\u0218\\u015E\\u2C7E\\uA7A8\\uA784]","T":"[\\u0054\\u24C9\\uFF34\\u1E6A\\u0164\\u1E6C\\u021A\\u0162\\u1E70\\u1E6E\\u0166\\u01AC\\u01AE\\u023E\\uA786]","TZ":"[\\uA728]","U":"[\\u0055\\u24CA\\uFF35\\u00D9\\u00DA\\u00DB\\u0168\\u1E78\\u016A\\u1E7A\\u016C\\u00DC\\u01DB\\u01D7\\u01D5\\u01D9\\u1EE6\\u016E\\u0170\\u01D3\\u0214\\u0216\\u01AF\\u1EEA\\u1EE8\\u1EEE\\u1EEC\\u1EF0\\u1EE4\\u1E72\\u0172\\u1E76\\u1E74\\u0244]","V":"[\\u0056\\u24CB\\uFF36\\u1E7C\\u1E7E\\u01B2\\uA75E\\u0245]","VY":"[\\uA760]","W":"[\\u0057\\u24CC\\uFF37\\u1E80\\u1E82\\u0174\\u1E86\\u1E84\\u1E88\\u2C72]","X":"[\\u0058\\u24CD\\uFF38\\u1E8A\\u1E8C]","Y":"[\\u0059\\u24CE\\uFF39\\u1EF2\\u00DD\\u0176\\u1EF8\\u0232\\u1E8E\\u0178\\u1EF6\\u1EF4\\u01B3\\u024E\\u1EFE]","Z":"[\\u005A\\u24CF\\uFF3A\\u0179\\u1E90\\u017B\\u017D\\u1E92\\u1E94\\u01B5\\u0224\\u2C7F\\u2C6B\\uA762]","a":"[\\u0061\\u24D0\\uFF41\\u1E9A\\u00E0\\u00E1\\u00E2\\u1EA7\\u1EA5\\u1EAB\\u1EA9\\u00E3\\u0101\\u0103\\u1EB1\\u1EAF\\u1EB5\\u1EB3\\u0227\\u01E1\\u00E4\\u01DF\\u1EA3\\u00E5\\u01FB\\u01CE\\u0201\\u0203\\u1EA1\\u1EAD\\u1EB7\\u1E01\\u0105\\u2C65\\u0250]","aa":"[\\uA733]","ae":"[\\u00E6\\u01FD\\u01E3]","ao":"[\\uA735]","au":"[\\uA737]","av":"[\\uA739\\uA73B]","ay":"[\\uA73D]","b":"[\\u0062\\u24D1\\uFF42\\u1E03\\u1E05\\u1E07\\u0180\\u0183\\u0253]","c":"[\\u0063\\u24D2\\uFF43\\u0107\\u0109\\u010B\\u010D\\u00E7\\u1E09\\u0188\\u023C\\uA73F\\u2184]","d":"[\\u0064\\u24D3\\uFF44\\u1E0B\\u010F\\u1E0D\\u1E11\\u1E13\\u1E0F\\u0111\\u018C\\u0256\\u0257\\uA77A]","dz":"[\\u01F3\\u01C6]","e":"[\\u0065\\u24D4\\uFF45\\u00E8\\u00E9\\u00EA\\u1EC1\\u1EBF\\u1EC5\\u1EC3\\u1EBD\\u0113\\u1E15\\u1E17\\u0115\\u0117\\u00EB\\u1EBB\\u011B\\u0205\\u0207\\u1EB9\\u1EC7\\u0229\\u1E1D\\u0119\\u1E19\\u1E1B\\u0247\\u025B\\u01DD]","f":"[\\u0066\\u24D5\\uFF46\\u1E1F\\u0192\\uA77C]","g":"[\\u0067\\u24D6\\uFF47\\u01F5\\u011D\\u1E21\\u011F\\u0121\\u01E7\\u0123\\u01E5\\u0260\\uA7A1\\u1D79\\uA77F]","h":"[\\u0068\\u24D7\\uFF48\\u0125\\u1E23\\u1E27\\u021F\\u1E25\\u1E29\\u1E2B\\u1E96\\u0127\\u2C68\\u2C76\\u0265]","hv":"[\\u0195]","i":"[\\u0069\\u24D8\\uFF49\\u00EC\\u00ED\\u00EE\\u0129\\u012B\\u012D\\u00EF\\u1E2F\\u1EC9\\u01D0\\u0209\\u020B\\u1ECB\\u012F\\u1E2D\\u0268\\u0131]","j":"[\\u006A\\u24D9\\uFF4A\\u0135\\u01F0\\u0249]","k":"[\\u006B\\u24DA\\uFF4B\\u1E31\\u01E9\\u1E33\\u0137\\u1E35\\u0199\\u2C6A\\uA741\\uA743\\uA745\\uA7A3]","l":"[\\u006C\\u24DB\\uFF4C\\u0140\\u013A\\u013E\\u1E37\\u1E39\\u013C\\u1E3D\\u1E3B\\u017F\\u0142\\u019A\\u026B\\u2C61\\uA749\\uA781\\uA747]","lj":"[\\u01C9]","m":"[\\u006D\\u24DC\\uFF4D\\u1E3F\\u1E41\\u1E43\\u0271\\u026F]","n":"[\\u006E\\u24DD\\uFF4E\\u01F9\\u0144\\u00F1\\u1E45\\u0148\\u1E47\\u0146\\u1E4B\\u1E49\\u019E\\u0272\\u0149\\uA791\\uA7A5]","nj":"[\\u01CC]","o":"[\\u006F\\u24DE\\uFF4F\\u00F2\\u00F3\\u00F4\\u1ED3\\u1ED1\\u1ED7\\u1ED5\\u00F5\\u1E4D\\u022D\\u1E4F\\u014D\\u1E51\\u1E53\\u014F\\u022F\\u0231\\u00F6\\u022B\\u1ECF\\u0151\\u01D2\\u020D\\u020F\\u01A1\\u1EDD\\u1EDB\\u1EE1\\u1EDF\\u1EE3\\u1ECD\\u1ED9\\u01EB\\u01ED\\u00F8\\u01FF\\u0254\\uA74B\\uA74D\\u0275]","oi":"[\\u01A3]","ou":"[\\u0223]","oo":"[\\uA74F]","p":"[\\u0070\\u24DF\\uFF50\\u1E55\\u1E57\\u01A5\\u1D7D\\uA751\\uA753\\uA755]","q":"[\\u0071\\u24E0\\uFF51\\u024B\\uA757\\uA759]","r":"[\\u0072\\u24E1\\uFF52\\u0155\\u1E59\\u0159\\u0211\\u0213\\u1E5B\\u1E5D\\u0157\\u1E5F\\u024D\\u027D\\uA75B\\uA7A7\\uA783]","s":"[\\u0073\\u24E2\\uFF53\\u015B\\u1E65\\u015D\\u1E61\\u0161\\u1E67\\u1E63\\u1E69\\u0219\\u015F\\u023F\\uA7A9\\uA785\\u1E9B]","ss":"[\\u00DF]","t":"[\\u0074\\u24E3\\uFF54\\u1E6B\\u1E97\\u0165\\u1E6D\\u021B\\u0163\\u1E71\\u1E6F\\u0167\\u01AD\\u0288\\u2C66\\uA787]","tz":"[\\uA729]","u":"[\\u0075\\u24E4\\uFF55\\u00F9\\u00FA\\u00FB\\u0169\\u1E79\\u016B\\u1E7B\\u016D\\u00FC\\u01DC\\u01D8\\u01D6\\u01DA\\u1EE7\\u016F\\u0171\\u01D4\\u0215\\u0217\\u01B0\\u1EEB\\u1EE9\\u1EEF\\u1EED\\u1EF1\\u1EE5\\u1E73\\u0173\\u1E77\\u1E75\\u0289]","v":"[\\u0076\\u24E5\\uFF56\\u1E7D\\u1E7F\\u028B\\uA75F\\u028C]","vy":"[\\uA761]","w":"[\\u0077\\u24E6\\uFF57\\u1E81\\u1E83\\u0175\\u1E87\\u1E85\\u1E98\\u1E89\\u2C73]","x":"[\\u0078\\u24E7\\uFF58\\u1E8B\\u1E8D]","y":"[\\u0079\\u24E8\\uFF59\\u1EF3\\u00FD\\u0177\\u1EF9\\u0233\\u1E8F\\u00FF\\u1EF7\\u1E99\\u1EF5\\u01B4\\u024F\\u1EFF]","z":"[\\u007A\\u24E9\\uFF5A\\u017A\\u1E91\\u017C\\u017E\\u1E93\\u1E95\\u01B6\\u0225\\u0240\\u2C6C\\uA763]"},"researchesTests":["contentHasTOC","contentHasShortParagraphs","contentHasAssets","keywordInTitle","keywordInMetaDescription","keywordInPermalink","keywordIn10Percent","keywordInContent","keywordInSubheadings","keywordInImageAlt","keywordDensity","keywordNotUsed","lengthContent","lengthPermalink","linksHasInternal","linksHasExternals","linksNotAllExternals","titleStartWithKeyword","titleSentiment","titleHasPowerWords","titleHasNumber","hasContentAI"],"hasRedirection":false,"hasBreadcrumb":false},"homeUrl":"https:\/\/www.eventconecta.com\/en\/","objectID":47768,"objectType":"post","locale":"en","localeFull":"en_US","overlayImages":{"play":{"name":"Play icon","url":"https:\/\/www.eventconecta.com\/wp-content\/plugins\/seo-by-rank-math\/assets\/admin\/img\/icon-play.png","path":"\/homepages\/21\/d771655891\/htdocs\/ConectaFiction\/wp-content\/plugins\/seo-by-rank-math\/assets\/admin\/img\/icon-play.png","position":"middle_center"},"gif":{"name":"GIF icon","url":"https:\/\/www.eventconecta.com\/wp-content\/plugins\/seo-by-rank-math\/assets\/admin\/img\/icon-gif.png","path":"\/homepages\/21\/d771655891\/htdocs\/ConectaFiction\/wp-content\/plugins\/seo-by-rank-math\/assets\/admin\/img\/icon-gif.png","position":"middle_center"}},"defautOgImage":"https:\/\/www.eventconecta.com\/wp-content\/uploads\/2026\/02\/CD10_BANNER_LINKEDIN_LINKEDIN-PROFILE-PIC-03.jpg","customPermalinks":true,"isUserRegistered":true,"autoSuggestKeywords":true,"connectSiteUrl":"https:\/\/rankmath.com\/auth?site=https%3A%2F%2Fwww.eventconecta.com%2Fen%2F&r=https%3A%2F%2Fwww.eventconecta.com%2Fen%2Fwp-json%2Fwp%2Fv2%2Fpages%2F47768%3Fnonce%3D3afa6e9473","maxTags":5,"trendsIcon":"<svg viewBox=\"0 0 610 610\"><path d=\"M18.85,446,174.32,290.48l58.08,58.08L76.93,504a14.54,14.54,0,0,1-20.55,0L18.83,466.48a14.54,14.54,0,0,1,0-20.55Z\" style=\"fill:#4285f4\"\/><path d=\"M242.65,242.66,377.59,377.6l-47.75,47.75a14.54,14.54,0,0,1-20.55,0L174.37,290.43l47.75-47.75A14.52,14.52,0,0,1,242.65,242.66Z\" style=\"fill:#ea4335\"\/><polygon points=\"319.53 319.53 479.26 159.8 537.34 217.88 377.61 377.62 319.53 319.53\" style=\"fill:#fabb05\"\/><path d=\"M594.26,262.73V118.61h0a16.94,16.94,0,0,0-16.94-16.94H433.2a16.94,16.94,0,0,0-12,28.92L565.34,274.71h0a16.94,16.94,0,0,0,28.92-12Z\" style=\"fill:#34a853\"\/><rect width=\"610\" height=\"610\" style=\"fill:none\"\/><\/svg>","showScore":true,"siteFavIcon":"https:\/\/www.eventconecta.com\/wp-content\/uploads\/2024\/10\/favicon-3.png","canUser":{"general":false,"advanced":false,"snippet":false,"social":false,"analysis":false,"analytics":false,"content_ai":false},"isPro":false,"is_front_page":false,"trendsUpgradeLink":"https:\/\/rankmath.com\/pricing\/?utm_source=Plugin&utm_medium=CE%20General%20Tab%20Trends&utm_campaign=WP","trendsUpgradeLabel":"Upgrade","trendsPreviewImage":"https:\/\/www.eventconecta.com\/wp-content\/plugins\/seo-by-rank-math\/assets\/admin\/img\/trends-preview.jpg","currentEditor":false,"homepageData":{"assessor":{"powerWords":["a cut above","absolute","absolutely","absolutely lowest","absurd","abuse","accurate","accuse","achieve","actionable","adaptable","adequate","admit","adorable","advantage","advice","affordable","aggravate","aggressive","agitated","agonizing","agony","alarmed","alarming","alienated","aligned","alive","all-inclusive","alluring","always","amazing","amp","animated","annihilate","announcing","anonymous","antagonistic","anxious","apocalypse","appalled","approved","approving","argumentative","armageddon","arrogant","ass kicking","assault","assured","astonishing","astounded","astounding","at ease","atrocious","attack","attractive","audacity","authentic","authoritative","authority","avoid","aware","awe-inspiring","awesome","awkward","backbone","backdoor","backed","backlash","backstabbing","badass","balanced","banned","bargain","barrage","basic","battle","beaming","beat down","beating","beautiful","beauty","begging","behind the scenes","belief","belong","best","best-selling","better","beware","big","billion","black market","blacklisted","blast","blessed","blinded","blissful","blood","bloodbath","bloodcurdling","bloody","blunder","blushing","bold","bomb","bona","bona fide","bonanza","bonus","bootleg","bottom line","bountiful","brave","bravery","brazen","break","breaking","breakthrough","breathtaking","bright","brilliant","broke","brutal","budget","buffoon","bullshit","bully","bumbling","buy","cadaver","calm","cancel anytime","capable","captivate","captivating","carefree","case study","cash","cataclysmic","catapult","catastrophe","caution","censored","centered","certain","certainly","certified","challenge","charming","cheap","cheat","cheat-sheet","cheer","cheerful","child-like","clarity","classified","clear","clueless","collapse","colorful","colossal","comfortable","compare","competitive","complete","completely","completeness","comprehensive","compromise","compulsive","concealed","conclusive","condemning","condescending","confess","confession","confessions","confident","confidential","conquer","conscientious","constructive","content","contrary","controlling","controversial","convenient","convert","cool","cooperative","copy","corpse","corrupt","corrupting","courage","courageous","cover-up","covert","coward","cowardly","crammed","crave","crazy","create","creative","cringeworthy","cripple","crisis","critical","crooked","crush","crushing","damaging","danger","dangerous","daring","dazzling","dead","deadline","deadly","death","decadent","deceived","deceptive","deep","defiance","definitely","definitive","defying","dejected","delicious","delight","delighted","delightful","delirious","delivered","demoralizing","deplorable","depraved","desire","desperate","despicable","destiny","destroy","detailed","devastating","devoted","diagnosed","direct","dirty","disadvantages","disastrous","discount","discover","disdainful","disempowered","disgusted","disgusting","dishonest","disillusioned","disoriented","distracted","distraught","distressed","distrustful","divulge","document","dollar","dominate","doomed","double","doubtful","download","dreadful","dreamy","drive","drowning","dumb","dynamic","eager","earnest","easily","easy","economical","ecstatic","edge","effective","efficient","effortless","elated","eliminate","elite","embarrass","embarrassed","embarrassing","emergency","emerging","emphasize","empowered","enchant","encouraged","endorsed","energetic","energy","enormous","enraged","enthusiastic","envy","epic","epidemic","essential","ethical","euphoric","evil","exactly","exasperated","excellent","excited","excitement","exciting","exclusive","exclusivity","excruciating","exhilarated","expensive","expert","explode","exploit","explosive","exposed","exquisite","extra","extraordinary","extremely","exuberant","eye-opening","fail","fail-proof","failure","faith","famous","fantasy","fascinating","fatigued","faux","faux pas","fearless","feast","feeble","festive","fide","fierce","fight","final","fine","fired","first","first ever","flirt","fluid","focus","focused","fool","fooled","foolish","forbidden","force-fed","forever","forgiving","forgotten","formula","fortune","foul","frantic","free","freebie","freedom","frenzied","frenzy","frightening","frisky","frugal","frustrated","fulfill","fulfilled","full","fully","fun","fun-loving","fundamentals","funniest","funny","furious","gambling","gargantuan","genius","genuine","gift","gigantic","giveaway","glamorous","gleeful","glorious","glowing","goddamn","gorgeous","graceful","grateful","gratified","gravity","great","greatest","greatness","greed","greedy","gripping","grit","grounded","growth","guaranteed","guilt","guilt-free","gullible","guts","hack","happiness","happy","harmful","harsh","hate","have you heard","havoc","hazardous","healthy","heart","heartbreaking","heartwarming","heavenly","hell","helpful","helplessness","hero","hesitant","hidden","high tech","highest","highly effective","hilarious","hoak","hoax","honest","honored","hope","hopeful","horribly","horrific","horrifying","horror","hostile","how to","huge","humility","humor","hurricane","hurry","hypnotic","idiot","ignite","illegal","illusive","imagination","immediately","imminently","impatience","impatient","impenetrable","important","impressive","improved","in the zone","incapable","incapacitated","incompetent","inconsiderate","increase","incredible","indecisive","indulgence","indulgent","inexpensive","inferior","informative","infuriated","ingredients","innocent","innovative","insane","insecure","insider","insidious","inspired","inspiring","instant savings","instantly","instructive","insult","intel","intelligent","intense","interesting","intriguing","introducing","invasion","investment","iron-clad","ironclad","irresistible","irs","is here","jackpot","jail","jaw-dropping","jealous","jeopardy","jittery","jovial","joyous","jubilant","judgmental","jumpstart","just arrived","keen","kickass","kickstart","kill","killed","killing","kills","know it all","lame","largest","lascivious","last","last chance","last minute","latest","laugh","laughing","launch","launching","lavishly","lawsuit","lazy","left behind","legendary","legitimate","liberal","liberated","lick","lies","life-changing","lifetime","light","lighthearted","likely","limited","literally","little-known","loathsome","lonely","looming","loser","lost","love","lucrative","lunatic","lurking","lust","luxurious","luxury","lying","magic","magical","magnificent","mainstream","malicious","mammoth","manipulative","marked down","massive","master","masterclass","maul","mediocre","meditative","meltdown","memorability","memorable","menacing","mesmerizing","meticulous","mind-blowing","minimalist","miracle","mired","mischievous","misgiving","missing out","mistake","monetize","money","moneyback","moneygrubbing","monumental","most important","motivated","mouth-watering","murder","mystery","nail","naked","natural","naughty","nazi","nest egg","never","new","nightmare","no good","no obligation","no one talks about","no questions asked","no risk","no strings attached","non-controlling","noted","novelty","now","obnoxious","obsessed","obsession","obvious","odd","off-kilter","off-limits","off-the record","offensive","official","okay","on-demand","open-minded","opportunities","optimistic","ordeal","outlawed","outrageousness","outstanding","overcome","overjoyed","overnight","overwhelmed","packed","painful","painless","painstaking","pale","panic","panicked","paralyzed","pas","passionate","pathetic","pay zero","payback","perfect","peril","perplexed","perspective","pessimistic","pioneering","piranha","pitfall","pitiful","placid","plague","played","playful","pleased","pluck","plummet","plunge","poison","poisonous","polarizing","poor","popular","portfolio","pound","powerful","powerless","practical","preposterous","prestige","price","priceless","pride","prison","privacy","private","privileged","prize","problem","productive","professional","profit","profitable","profound","promiscuous","promising","promote","protect","protected","proven","provocative","provoke","psychological","pummel","punch","punish","pus","quadruple","quality","quarrelsome","quick","quick-start","quickly","quiet","radiant","rare","ravenous","rebellious","recession-proof","reckoning","recognized","recommend","recreate","reduced","reflective","refugee","refund","refundable","reject","relaxed","release","relentless","reliable","remarkable","replicate","report","reprimanding","repulsed","repulsive","research","resentful","resourceful","responsible","responsive","rested","restricted","results","retaliating","reveal","revealing","revenge","revengeful","revisited","revolting","revolutionary","reward","rich","ridiculous","risky","riveting","rookie","rowdy","ruin","rules","ruthless","sabotaging","sacred","sadistic","sadly","sadness","safe","safety","sale","sampler","sarcastic","satisfied","savage","savagery","save","savings","savvy","scam","scandal","scandalous","scarce","scared","scary","scornful","scream","searing","secret","secret agenda","secret plot","secrets","secure","security","seductive","seething","seize","selected","self-hating","self-sufficient","sensational","senseless","sensual","serene","seriously","severe","sex","sexy","shaking","shameful","shameless","shaming","shatter","shellacking","shocking","should","shrewd","sick and tired","signs","silly","simple","simplicity","simplified","simplistic","sincere","sinful","sins","six-figure","sizable","sizzle","sizzled","sizzles","sizzling","sizzlingly","skill","skyrocket","slaughter","slave","sleazy","sleeping","sly","smash","smiling","smug","smuggle","smuggled","sneak-peek","sneaky","sniveling","snob","snooty","snotty","soar","soaring","solid","solution","spank","special","spectacular","speedy","spell-binding","spine","spirit","spirited","spiteful","spoiler","spontaneous","spotlight","spunky","squirming","stable","staggering","startling","steady","steal","stealthy","steamy","step-by-step","still","stoic","stop","strange","strangle","strategy","stressed","strong","strongly suggest","struggle","stuck up","studies","stunning","stupid","stupid-simple","sturdy","sublime","succeed","success","successful","suck","suddenly","suffer","sunny","super","super-human","superb","supercharge","superior","supported","supportive","sure","sure fire","surefire","surge","surging","surprise","surprised","surprising","survival","survive","suspicious","sweaty","swoon","swoon-worthy","tailspin","tank","tantalizing","targeted","tawdry","tease","technology","teetering","tempting","tenacious","tense","terrible","terrific","terrified","terrifying","terror","terrorist","tested","thankful","the truth","threaten","threatened","thrilled","thrilling","thug","ticked off","tickled","timely","today","torture","toxic","track record","trade secret","tragedy","tragic","transform","transparency","trap","trapped","trauma","traumatized","treacherous","treasure","tremendous","trend","tricks","triggers","triple","triumph","truly","trusting","trustworthy","truth","truthful","turbo-charge","turbocharges","tweaks","twitching","ultimate","unadulterated","unassuming","unauthorized","unbelievable","unburdened","uncaring","uncensored","uncertain","uncomfortable","unconditional","uncontrollable","unconventional","uncovered","undeniable","under priced","undercover","underground","underhanded","underused","unexpected","unforgettable","unheard of","unhurried","uninterested","unique","unjustified","unknowingly","unleashed","unlimited","unlock","unparalleled","unpopular","unreliable","unresponsive","unseen","unstable","unstoppable","unsure","unsurpassed","untapped","unusual","up-sell","upbeat","uplifted","uplifting","urge","urgent","useful","useless","validate","valor","valuable","value","vanquish","vaporize","venomous","verify","vibrant","vicious","victim","victory","vigorous","vilified","vindictive","violated","violent","volatile","vulnerable","waiting","wanted","wanton","warning","waste","weak","wealth","weird","what no one tells you","whip","whopping","wicked","wild","willpower","withheld","wonderful","wondrous","woozy","world","worry","worst","worthwhile","wounded","wreaking","youthful","zen","zinger"],"diacritics":true,"researchesTests":["contentHasTOC","contentHasShortParagraphs","contentHasAssets","keywordInTitle","keywordInMetaDescription","keywordInPermalink","keywordIn10Percent","keywordInContent","keywordInSubheadings","keywordInImageAlt","keywordDensity","keywordNotUsed","lengthContent","lengthPermalink","linksHasInternal","linksHasExternals","linksNotAllExternals","titleStartWithKeyword","titleSentiment","titleHasPowerWords","titleHasNumber","hasContentAI"],"hasBreadcrumb":false,"serpData":{"title":"%sitename% %page% %sep% %sitedesc%","description":"","titleTemplate":"%sitename% %page% %sep% %sitedesc%","descriptionTemplate":"","focusKeywords":"","breadcrumbTitle":"Portada","robots":{"index":true},"advancedRobots":{"max-snippet":"-1","max-video-preview":"-1","max-image-preview":"large"},"facebookTitle":"","facebookDescription":"","facebookImage":"","facebookImageID":""}}},"tocTitle":"Table of Contents","tocExcludeHeadings":[],"listStyle":"ul"},"_links":{"self":[{"href":"https:\/\/www.eventconecta.com\/en\/wp-json\/wp\/v2\/pages\/47768","targetHints":{"allow":["GET"]}}],"collection":[{"href":"https:\/\/www.eventconecta.com\/en\/wp-json\/wp\/v2\/pages"}],"about":[{"href":"https:\/\/www.eventconecta.com\/en\/wp-json\/wp\/v2\/types\/page"}],"author":[{"embeddable":true,"href":"https:\/\/www.eventconecta.com\/en\/wp-json\/wp\/v2\/users\/1"}],"replies":[{"embeddable":true,"href":"https:\/\/www.eventconecta.com\/en\/wp-json\/wp\/v2\/comments?post=47768"}],"version-history":[{"count":11,"href":"https:\/\/www.eventconecta.com\/en\/wp-json\/wp\/v2\/pages\/47768\/revisions"}],"predecessor-version":[{"id":48030,"href":"https:\/\/www.eventconecta.com\/en\/wp-json\/wp\/v2\/pages\/47768\/revisions\/48030"}],"wp:attachment":[{"href":"https:\/\/www.eventconecta.com\/en\/wp-json\/wp\/v2\/media?parent=47768"}],"curies":[{"name":"wp","href":"https:\/\/api.w.org\/{rel}","templated":true}]}}